{"version":"1.0","provider_name":"Memurun Sesi","provider_url":"https:\/\/memurunsesi.net","author_name":"Memurun Sesi Haber Merkezi","author_url":"https:\/\/memurunsesi.net\/index.php\/author\/uniper\/","title":"Tamirhanede sandalyeden d\u00fc\u015fen adam hayat\u0131n\u0131 kaybetti - Memurun Sesi","type":"rich","width":600,"height":338,"html":"<blockquote class=\"wp-embedded-content\" data-secret=\"PNMx9WpwTp\"><a href=\"https:\/\/memurunsesi.net\/index.php\/2025\/06\/11\/tamirhanede-sandalyeden-dusen-adam-hayatini-kaybetti\/\">Tamirhanede sandalyeden d\u00fc\u015fen adam hayat\u0131n\u0131 kaybetti<\/a><\/blockquote><iframe sandbox=\"allow-scripts\" security=\"restricted\" src=\"https:\/\/memurunsesi.net\/index.php\/2025\/06\/11\/tamirhanede-sandalyeden-dusen-adam-hayatini-kaybetti\/embed\/#?secret=PNMx9WpwTp\" width=\"600\" height=\"338\" title=\"&#8220;Tamirhanede sandalyeden d\u00fc\u015fen adam hayat\u0131n\u0131 kaybetti&#8221; &#8212; Memurun Sesi\" data-secret=\"PNMx9WpwTp\" frameborder=\"0\" marginwidth=\"0\" marginheight=\"0\" scrolling=\"no\" class=\"wp-embedded-content\"><\/iframe><script type=\"text\/javascript\">\n\/* <![CDATA[ *\/\n\/*! This file is auto-generated *\/\n!function(d,l){\"use strict\";l.querySelector&&d.addEventListener&&\"undefined\"!=typeof URL&&(d.wp=d.wp||{},d.wp.receiveEmbedMessage||(d.wp.receiveEmbedMessage=function(e){var t=e.data;if((t||t.secret||t.message||t.value)&&!\/[^a-zA-Z0-9]\/.test(t.secret)){for(var s,r,n,a=l.querySelectorAll('iframe[data-secret=\"'+t.secret+'\"]'),o=l.querySelectorAll('blockquote[data-secret=\"'+t.secret+'\"]'),c=new RegExp(\"^https?:$\",\"i\"),i=0;i<o.length;i++)o[i].style.display=\"none\";for(i=0;i<a.length;i++)s=a[i],e.source===s.contentWindow&&(s.removeAttribute(\"style\"),\"height\"===t.message?(1e3<(r=parseInt(t.value,10))?r=1e3:~~r<200&&(r=200),s.height=r):\"link\"===t.message&&(r=new URL(s.getAttribute(\"src\")),n=new URL(t.value),c.test(n.protocol))&&n.host===r.host&&l.activeElement===s&&(d.top.location.href=t.value))}},d.addEventListener(\"message\",d.wp.receiveEmbedMessage,!1),l.addEventListener(\"DOMContentLoaded\",function(){for(var e,t,s=l.querySelectorAll(\"iframe.wp-embedded-content\"),r=0;r<s.length;r++)(t=(e=s[r]).getAttribute(\"data-secret\"))||(t=Math.random().toString(36).substring(2,12),e.src+=\"#?secret=\"+t,e.setAttribute(\"data-secret\",t)),e.contentWindow.postMessage({message:\"ready\",secret:t},\"*\")},!1)))}(window,document);\n\/\/# sourceURL=https:\/\/memurunsesi.net\/wp-includes\/js\/wp-embed.min.js\n\/* ]]> *\/\n<\/script>\n","thumbnail_url":"https:\/\/memurunsesi.net\/wp-content\/uploads\/2025\/06\/AW474189_01.jpg","thumbnail_width":749,"thumbnail_height":423,"description":"Konya&#8217;da tamirhanesinde sandalyeden d\u00fc\u015ferek ba\u015f\u0131n\u0131 \u00e7arpan \u015fah\u0131s hayat\u0131n\u0131 kaybetti. Olay, saat 13.30 s\u0131ralar\u0131nda merkez Sel\u00e7uklu il\u00e7esi Horozluhan Mahallesi \u00c7ifteg\u00f6l Sokak \u00fczerinde bulunan bir tamirhanede meydana geldi. Edinilen bilgiye g\u00f6re, sandalyede oturan Niyas Tanac\u0131 (63), dengesini kaybederek d\u00fc\u015ft\u00fc. D\u00fc\u015fmenin etkisi ile kafas\u0131n\u0131 yere \u00e7arpan Niyas Tanac\u0131 a\u011f\u0131r yaraland\u0131. \u0130hbar \u00fczerine olay yerine sa\u011fl\u0131k ve polis ekipleri [&hellip;]"}