{"version":"1.0","provider_name":"Memurun Sesi","provider_url":"https:\/\/memurunsesi.net","author_name":"Memurun Sesi Haber Merkezi","author_url":"https:\/\/memurunsesi.net\/index.php\/author\/uniper\/","title":"Malatya'da i\u015f makinesi alev alev yand\u0131 - Memurun Sesi","type":"rich","width":600,"height":338,"html":"<blockquote class=\"wp-embedded-content\" data-secret=\"wretCZAnbh\"><a href=\"https:\/\/memurunsesi.net\/index.php\/2025\/06\/12\/malatyada-is-makinesi-alev-alev-yandi\/\">Malatya&#8217;da i\u015f makinesi alev alev yand\u0131<\/a><\/blockquote><iframe sandbox=\"allow-scripts\" security=\"restricted\" src=\"https:\/\/memurunsesi.net\/index.php\/2025\/06\/12\/malatyada-is-makinesi-alev-alev-yandi\/embed\/#?secret=wretCZAnbh\" width=\"600\" height=\"338\" title=\"&#8220;Malatya&#8217;da i\u015f makinesi alev alev yand\u0131&#8221; &#8212; Memurun Sesi\" data-secret=\"wretCZAnbh\" frameborder=\"0\" marginwidth=\"0\" marginheight=\"0\" scrolling=\"no\" class=\"wp-embedded-content\"><\/iframe><script type=\"text\/javascript\">\n\/* <![CDATA[ *\/\n\/*! This file is auto-generated *\/\n!function(d,l){\"use strict\";l.querySelector&&d.addEventListener&&\"undefined\"!=typeof URL&&(d.wp=d.wp||{},d.wp.receiveEmbedMessage||(d.wp.receiveEmbedMessage=function(e){var t=e.data;if((t||t.secret||t.message||t.value)&&!\/[^a-zA-Z0-9]\/.test(t.secret)){for(var s,r,n,a=l.querySelectorAll('iframe[data-secret=\"'+t.secret+'\"]'),o=l.querySelectorAll('blockquote[data-secret=\"'+t.secret+'\"]'),c=new RegExp(\"^https?:$\",\"i\"),i=0;i<o.length;i++)o[i].style.display=\"none\";for(i=0;i<a.length;i++)s=a[i],e.source===s.contentWindow&&(s.removeAttribute(\"style\"),\"height\"===t.message?(1e3<(r=parseInt(t.value,10))?r=1e3:~~r<200&&(r=200),s.height=r):\"link\"===t.message&&(r=new URL(s.getAttribute(\"src\")),n=new URL(t.value),c.test(n.protocol))&&n.host===r.host&&l.activeElement===s&&(d.top.location.href=t.value))}},d.addEventListener(\"message\",d.wp.receiveEmbedMessage,!1),l.addEventListener(\"DOMContentLoaded\",function(){for(var e,t,s=l.querySelectorAll(\"iframe.wp-embedded-content\"),r=0;r<s.length;r++)(t=(e=s[r]).getAttribute(\"data-secret\"))||(t=Math.random().toString(36).substring(2,12),e.src+=\"#?secret=\"+t,e.setAttribute(\"data-secret\",t)),e.contentWindow.postMessage({message:\"ready\",secret:t},\"*\")},!1)))}(window,document);\n\/\/# sourceURL=https:\/\/memurunsesi.net\/wp-includes\/js\/wp-embed.min.js\n\/* ]]> *\/\n<\/script>\n","thumbnail_url":"https:\/\/memurunsesi.net\/wp-content\/uploads\/2025\/06\/AW474559_01.jpg","thumbnail_width":698,"thumbnail_height":572,"description":"Malatya&#8217;n\u0131n Ak\u00e7ada\u011f il\u00e7esinde bir beton santralinde \u00e7al\u0131\u015fma yapan i\u015f makinesi, hen\u00fcz bilinmeyen bir nedenden dolay\u0131 alev ald\u0131. K\u0131sa s\u00fcrede b\u00fcy\u00fcyen yang\u0131nda ara\u00e7 kullan\u0131lamaz hale geldi. Olay, Ak\u00e7ada\u011f il\u00e7esine ba\u011fl\u0131 Tataru\u015fa\u011f\u0131 Mahallesi\u2019nde meydana geldi. \u0130ddiaya g\u00f6re beton santralinde \u00e7al\u0131\u015fma s\u0131ras\u0131nda i\u015f makinesi aniden yanmaya ba\u015flad\u0131. Alevler k\u0131sa s\u00fcrede t\u00fcm arac\u0131 sard\u0131. \u00c7evredekilerin ihbar\u0131 \u00fczerine olay yerine [&hellip;]"}