{"version":"1.0","provider_name":"Memurun Sesi","provider_url":"https:\/\/memurunsesi.net","author_name":"Memurun Sesi Haber Merkezi","author_url":"https:\/\/memurunsesi.net\/index.php\/author\/uniper\/","title":"Karaman\u2019da otomobiller \u00e7arp\u0131\u015ft\u0131: 1 yaral\u0131 - Memurun Sesi","type":"rich","width":600,"height":338,"html":"<blockquote class=\"wp-embedded-content\" data-secret=\"3ZBQD2XtEH\"><a href=\"https:\/\/memurunsesi.net\/index.php\/2025\/06\/14\/karamanda-otomobiller-carpisti-1-yarali\/\">Karaman\u2019da otomobiller \u00e7arp\u0131\u015ft\u0131: 1 yaral\u0131<\/a><\/blockquote><iframe sandbox=\"allow-scripts\" security=\"restricted\" src=\"https:\/\/memurunsesi.net\/index.php\/2025\/06\/14\/karamanda-otomobiller-carpisti-1-yarali\/embed\/#?secret=3ZBQD2XtEH\" width=\"600\" height=\"338\" title=\"&#8220;Karaman\u2019da otomobiller \u00e7arp\u0131\u015ft\u0131: 1 yaral\u0131&#8221; &#8212; Memurun Sesi\" data-secret=\"3ZBQD2XtEH\" frameborder=\"0\" marginwidth=\"0\" marginheight=\"0\" scrolling=\"no\" class=\"wp-embedded-content\"><\/iframe><script type=\"text\/javascript\">\n\/* <![CDATA[ *\/\n\/*! This file is auto-generated *\/\n!function(d,l){\"use strict\";l.querySelector&&d.addEventListener&&\"undefined\"!=typeof URL&&(d.wp=d.wp||{},d.wp.receiveEmbedMessage||(d.wp.receiveEmbedMessage=function(e){var t=e.data;if((t||t.secret||t.message||t.value)&&!\/[^a-zA-Z0-9]\/.test(t.secret)){for(var s,r,n,a=l.querySelectorAll('iframe[data-secret=\"'+t.secret+'\"]'),o=l.querySelectorAll('blockquote[data-secret=\"'+t.secret+'\"]'),c=new RegExp(\"^https?:$\",\"i\"),i=0;i<o.length;i++)o[i].style.display=\"none\";for(i=0;i<a.length;i++)s=a[i],e.source===s.contentWindow&&(s.removeAttribute(\"style\"),\"height\"===t.message?(1e3<(r=parseInt(t.value,10))?r=1e3:~~r<200&&(r=200),s.height=r):\"link\"===t.message&&(r=new URL(s.getAttribute(\"src\")),n=new URL(t.value),c.test(n.protocol))&&n.host===r.host&&l.activeElement===s&&(d.top.location.href=t.value))}},d.addEventListener(\"message\",d.wp.receiveEmbedMessage,!1),l.addEventListener(\"DOMContentLoaded\",function(){for(var e,t,s=l.querySelectorAll(\"iframe.wp-embedded-content\"),r=0;r<s.length;r++)(t=(e=s[r]).getAttribute(\"data-secret\"))||(t=Math.random().toString(36).substring(2,12),e.src+=\"#?secret=\"+t,e.setAttribute(\"data-secret\",t)),e.contentWindow.postMessage({message:\"ready\",secret:t},\"*\")},!1)))}(window,document);\n\/\/# sourceURL=https:\/\/memurunsesi.net\/wp-includes\/js\/wp-embed.min.js\n\/* ]]> *\/\n<\/script>\n","thumbnail_url":"https:\/\/memurunsesi.net\/wp-content\/uploads\/2025\/06\/AW475929_01.jpg","thumbnail_width":1600,"thumbnail_height":720,"description":"Karaman\u2019da iki otomobilin \u00e7arp\u0131\u015fmas\u0131 sonucu meydana gelen trafik kazas\u0131nda 1 ki\u015fi yaraland\u0131. Kaza, sabah saat 08.00. s\u0131ralar\u0131nda Fatih Mahallesi G\u00f6ksu Bulvar\u0131 Otogar kav\u015fa\u011f\u0131nda meydana geldi. Edinilen bilgiye g\u00f6re, \u0130.A. (41), idaresindeki 42 AIJ 264 plakal\u0131 otomobil ile A.D. (46),y\u00f6netimindeki 70 ABL 842 plakal\u0131 Fiat marka otomobil kav\u015fakta \u00e7arp\u0131\u015ft\u0131. \u00c7arp\u0131\u015fman\u0131n \u015fiddetiyle 70 ABL 842 plakal\u0131 otomobil [&hellip;]"}