{"version":"1.0","provider_name":"Memurun Sesi","provider_url":"https:\/\/memurunsesi.net","author_name":"Memurun Sesi Haber Merkezi","author_url":"https:\/\/memurunsesi.net\/index.php\/author\/uniper\/","title":"Ad\u0131yaman'da ta\u015fl\u0131 sopal\u0131 kavga kamerada: 10 yaral\u0131 - Memurun Sesi","type":"rich","width":600,"height":338,"html":"<blockquote class=\"wp-embedded-content\" data-secret=\"nkfdi9Ys7b\"><a href=\"https:\/\/memurunsesi.net\/index.php\/2025\/06\/16\/adiyamanda-tasli-sopali-kavga-kamerada-10-yarali\/\">Ad\u0131yaman&#8217;da ta\u015fl\u0131 sopal\u0131 kavga kamerada: 10 yaral\u0131<\/a><\/blockquote><iframe sandbox=\"allow-scripts\" security=\"restricted\" src=\"https:\/\/memurunsesi.net\/index.php\/2025\/06\/16\/adiyamanda-tasli-sopali-kavga-kamerada-10-yarali\/embed\/#?secret=nkfdi9Ys7b\" width=\"600\" height=\"338\" title=\"&#8220;Ad\u0131yaman&#8217;da ta\u015fl\u0131 sopal\u0131 kavga kamerada: 10 yaral\u0131&#8221; &#8212; Memurun Sesi\" data-secret=\"nkfdi9Ys7b\" frameborder=\"0\" marginwidth=\"0\" marginheight=\"0\" scrolling=\"no\" class=\"wp-embedded-content\"><\/iframe><script type=\"text\/javascript\">\n\/* <![CDATA[ *\/\n\/*! This file is auto-generated *\/\n!function(d,l){\"use strict\";l.querySelector&&d.addEventListener&&\"undefined\"!=typeof URL&&(d.wp=d.wp||{},d.wp.receiveEmbedMessage||(d.wp.receiveEmbedMessage=function(e){var t=e.data;if((t||t.secret||t.message||t.value)&&!\/[^a-zA-Z0-9]\/.test(t.secret)){for(var s,r,n,a=l.querySelectorAll('iframe[data-secret=\"'+t.secret+'\"]'),o=l.querySelectorAll('blockquote[data-secret=\"'+t.secret+'\"]'),c=new RegExp(\"^https?:$\",\"i\"),i=0;i<o.length;i++)o[i].style.display=\"none\";for(i=0;i<a.length;i++)s=a[i],e.source===s.contentWindow&&(s.removeAttribute(\"style\"),\"height\"===t.message?(1e3<(r=parseInt(t.value,10))?r=1e3:~~r<200&&(r=200),s.height=r):\"link\"===t.message&&(r=new URL(s.getAttribute(\"src\")),n=new URL(t.value),c.test(n.protocol))&&n.host===r.host&&l.activeElement===s&&(d.top.location.href=t.value))}},d.addEventListener(\"message\",d.wp.receiveEmbedMessage,!1),l.addEventListener(\"DOMContentLoaded\",function(){for(var e,t,s=l.querySelectorAll(\"iframe.wp-embedded-content\"),r=0;r<s.length;r++)(t=(e=s[r]).getAttribute(\"data-secret\"))||(t=Math.random().toString(36).substring(2,12),e.src+=\"#?secret=\"+t,e.setAttribute(\"data-secret\",t)),e.contentWindow.postMessage({message:\"ready\",secret:t},\"*\")},!1)))}(window,document);\n\/\/# sourceURL=https:\/\/memurunsesi.net\/wp-includes\/js\/wp-embed.min.js\n\/* ]]> *\/\n<\/script>\n","thumbnail_url":"https:\/\/memurunsesi.net\/wp-content\/uploads\/2025\/06\/AW476868_01.jpg","thumbnail_width":1178,"thumbnail_height":1488,"description":"Ad\u0131yaman&#8217;\u0131n Kahta il\u00e7esinde iki grup aras\u0131nda \u00e7\u0131kan ta\u015fl\u0131, demirli ve sopal\u0131 kavgada 10 ki\u015fi yaraland\u0131. Edinilen bilgilere g\u00f6re, Kahta il\u00e7e merkezinde hen\u00fcz bilinmeyen nedenlerden dolay\u0131 yabanc\u0131 uyruklu oldu\u011fu \u00f6\u011frenilen iki grup aras\u0131nda tart\u0131\u015fma ya\u015fand\u0131. K\u0131sa s\u00fcrede b\u00fcy\u00fcyen tart\u0131\u015fma sopal\u0131, demirli ve ta\u015fl\u0131 kavgaya d\u00f6n\u00fc\u015ft\u00fc. \u00c7\u0131kan kavgada yabanc\u0131 uyruklu 10 ki\u015fi \u00e7e\u015fitli yerlerinden yaraland\u0131. \u0130hbar \u00fczerine [&hellip;]"}