{"version":"1.0","provider_name":"Memurun Sesi","provider_url":"https:\/\/memurunsesi.net","author_name":"Memurun Sesi Haber Merkezi","author_url":"https:\/\/memurunsesi.net\/index.php\/author\/uniper\/","title":"Ankara Valisi \u015eahin \u00f6\u011frencilere karne da\u011f\u0131tt\u0131 - Memurun Sesi","type":"rich","width":600,"height":338,"html":"<blockquote class=\"wp-embedded-content\" data-secret=\"gKZMhXoNSM\"><a href=\"https:\/\/memurunsesi.net\/index.php\/2025\/06\/20\/ankara-valisi-sahin-ogrencilere-karne-dagitti\/\">Ankara Valisi \u015eahin \u00f6\u011frencilere karne da\u011f\u0131tt\u0131<\/a><\/blockquote><iframe sandbox=\"allow-scripts\" security=\"restricted\" src=\"https:\/\/memurunsesi.net\/index.php\/2025\/06\/20\/ankara-valisi-sahin-ogrencilere-karne-dagitti\/embed\/#?secret=gKZMhXoNSM\" width=\"600\" height=\"338\" title=\"&#8220;Ankara Valisi \u015eahin \u00f6\u011frencilere karne da\u011f\u0131tt\u0131&#8221; &#8212; Memurun Sesi\" data-secret=\"gKZMhXoNSM\" frameborder=\"0\" marginwidth=\"0\" marginheight=\"0\" scrolling=\"no\" class=\"wp-embedded-content\"><\/iframe><script type=\"text\/javascript\">\n\/* <![CDATA[ *\/\n\/*! This file is auto-generated *\/\n!function(d,l){\"use strict\";l.querySelector&&d.addEventListener&&\"undefined\"!=typeof URL&&(d.wp=d.wp||{},d.wp.receiveEmbedMessage||(d.wp.receiveEmbedMessage=function(e){var t=e.data;if((t||t.secret||t.message||t.value)&&!\/[^a-zA-Z0-9]\/.test(t.secret)){for(var s,r,n,a=l.querySelectorAll('iframe[data-secret=\"'+t.secret+'\"]'),o=l.querySelectorAll('blockquote[data-secret=\"'+t.secret+'\"]'),c=new RegExp(\"^https?:$\",\"i\"),i=0;i<o.length;i++)o[i].style.display=\"none\";for(i=0;i<a.length;i++)s=a[i],e.source===s.contentWindow&&(s.removeAttribute(\"style\"),\"height\"===t.message?(1e3<(r=parseInt(t.value,10))?r=1e3:~~r<200&&(r=200),s.height=r):\"link\"===t.message&&(r=new URL(s.getAttribute(\"src\")),n=new URL(t.value),c.test(n.protocol))&&n.host===r.host&&l.activeElement===s&&(d.top.location.href=t.value))}},d.addEventListener(\"message\",d.wp.receiveEmbedMessage,!1),l.addEventListener(\"DOMContentLoaded\",function(){for(var e,t,s=l.querySelectorAll(\"iframe.wp-embedded-content\"),r=0;r<s.length;r++)(t=(e=s[r]).getAttribute(\"data-secret\"))||(t=Math.random().toString(36).substring(2,12),e.src+=\"#?secret=\"+t,e.setAttribute(\"data-secret\",t)),e.contentWindow.postMessage({message:\"ready\",secret:t},\"*\")},!1)))}(window,document);\n\/\/# sourceURL=https:\/\/memurunsesi.net\/wp-includes\/js\/wp-embed.min.js\n\/* ]]> *\/\n<\/script>\n","thumbnail_url":"https:\/\/memurunsesi.net\/wp-content\/uploads\/2025\/06\/AW480149_02-scaled.jpg","thumbnail_width":2560,"thumbnail_height":1920,"description":"E\u011fitim \u00f6\u011fretim y\u0131l\u0131n\u0131n sona ermesiyle Ankara\u2019da bir okulu ziyaret eden Ankara Valisi Vasip \u015eahin, \u00f6\u011frencilere karne da\u011f\u0131tt\u0131. Milli E\u011fitim Bakanl\u0131\u011f\u0131na ba\u011fl\u0131 ilk ve orta\u00f6\u011fretimde bulunan \u00f6\u011frenciler i\u00e7in son ders zili bug\u00fcn \u00e7ald\u0131. Vali Vasip \u015eahin, Ankara\u2019da bir okulu ziyaret ederek ilkokul \u00f6\u011frencilerine karnelerini ve hediyelerini verdi. Vali \u015eahin, ziyaret etti\u011fi bir s\u0131n\u0131fta \u00f6\u011frencilerin \u015fiirlerini dinledi [&hellip;]"}