{"version":"1.0","provider_name":"Memurun Sesi","provider_url":"https:\/\/memurunsesi.net","author_name":"Memurun Sesi Haber Merkezi","author_url":"https:\/\/memurunsesi.net\/index.php\/author\/uniper\/","title":"Mardin Kalesi eteklerinde \u00e7\u0131kan yang\u0131n s\u00f6nd\u00fcr\u00fcld\u00fc - Memurun Sesi","type":"rich","width":600,"height":338,"html":"<blockquote class=\"wp-embedded-content\" data-secret=\"p1oqiXlKCM\"><a href=\"https:\/\/memurunsesi.net\/index.php\/2025\/06\/20\/mardin-kalesi-eteklerinde-cikan-yangin-sonduruldu\/\">Mardin Kalesi eteklerinde \u00e7\u0131kan yang\u0131n s\u00f6nd\u00fcr\u00fcld\u00fc<\/a><\/blockquote><iframe sandbox=\"allow-scripts\" security=\"restricted\" src=\"https:\/\/memurunsesi.net\/index.php\/2025\/06\/20\/mardin-kalesi-eteklerinde-cikan-yangin-sonduruldu\/embed\/#?secret=p1oqiXlKCM\" width=\"600\" height=\"338\" title=\"&#8220;Mardin Kalesi eteklerinde \u00e7\u0131kan yang\u0131n s\u00f6nd\u00fcr\u00fcld\u00fc&#8221; &#8212; Memurun Sesi\" data-secret=\"p1oqiXlKCM\" frameborder=\"0\" marginwidth=\"0\" marginheight=\"0\" scrolling=\"no\" class=\"wp-embedded-content\"><\/iframe><script type=\"text\/javascript\">\n\/* <![CDATA[ *\/\n\/*! This file is auto-generated *\/\n!function(d,l){\"use strict\";l.querySelector&&d.addEventListener&&\"undefined\"!=typeof URL&&(d.wp=d.wp||{},d.wp.receiveEmbedMessage||(d.wp.receiveEmbedMessage=function(e){var t=e.data;if((t||t.secret||t.message||t.value)&&!\/[^a-zA-Z0-9]\/.test(t.secret)){for(var s,r,n,a=l.querySelectorAll('iframe[data-secret=\"'+t.secret+'\"]'),o=l.querySelectorAll('blockquote[data-secret=\"'+t.secret+'\"]'),c=new RegExp(\"^https?:$\",\"i\"),i=0;i<o.length;i++)o[i].style.display=\"none\";for(i=0;i<a.length;i++)s=a[i],e.source===s.contentWindow&&(s.removeAttribute(\"style\"),\"height\"===t.message?(1e3<(r=parseInt(t.value,10))?r=1e3:~~r<200&&(r=200),s.height=r):\"link\"===t.message&&(r=new URL(s.getAttribute(\"src\")),n=new URL(t.value),c.test(n.protocol))&&n.host===r.host&&l.activeElement===s&&(d.top.location.href=t.value))}},d.addEventListener(\"message\",d.wp.receiveEmbedMessage,!1),l.addEventListener(\"DOMContentLoaded\",function(){for(var e,t,s=l.querySelectorAll(\"iframe.wp-embedded-content\"),r=0;r<s.length;r++)(t=(e=s[r]).getAttribute(\"data-secret\"))||(t=Math.random().toString(36).substring(2,12),e.src+=\"#?secret=\"+t,e.setAttribute(\"data-secret\",t)),e.contentWindow.postMessage({message:\"ready\",secret:t},\"*\")},!1)))}(window,document);\n\/\/# sourceURL=https:\/\/memurunsesi.net\/wp-includes\/js\/wp-embed.min.js\n\/* ]]> *\/\n<\/script>\n","thumbnail_url":"https:\/\/memurunsesi.net\/wp-content\/uploads\/2025\/06\/AW479918_01.jpg","thumbnail_width":1600,"thumbnail_height":901,"description":"Mardin Kalesi\u2019nin eteklerinde bulunan \u00e7al\u0131l\u0131k alanda \u00e7\u0131kan \u00f6rt\u00fc yang\u0131n\u0131 s\u00f6nd\u00fcr\u00fcld\u00fc. Edinilen bilgiye g\u00f6re, Artuklu il\u00e7esindeki Mardin Kalesi\u2019nin alt k\u0131sm\u0131nda yer alan otluk ve \u00e7al\u0131l\u0131k alanda hen\u00fcz belirlenemeyen bir nedenle yang\u0131n \u00e7\u0131kt\u0131. \u0130hbar \u00fczerine b\u00f6lgeye itfaiye ekipleri sevk edildi. Yang\u0131n, ekiplerin alevlere 3 farkl\u0131 noktadan m\u00fcdahalesiyle kontrol alt\u0131na al\u0131narak s\u00f6nd\u00fcr\u00fcld\u00fc. Alanda s\u00f6nd\u00fcrme \u00e7al\u0131\u015fmalar\u0131 devam ediyor. 19.06.2025"}