{"version":"1.0","provider_name":"Memurun Sesi","provider_url":"https:\/\/memurunsesi.net","author_name":"Memurun Sesi Haber Merkezi","author_url":"https:\/\/memurunsesi.net\/index.php\/author\/uniper\/","title":"Bursa bir kez daha salland\u0131: B\u00fcy\u00fckl\u00fc\u011f\u00fc 4.3 - Memurun Sesi","type":"rich","width":600,"height":338,"html":"<blockquote class=\"wp-embedded-content\" data-secret=\"XLj9TFA50V\"><a href=\"https:\/\/memurunsesi.net\/index.php\/2025\/07\/02\/bursa-bir-kez-daha-sallandi-buyuklugu-4-3\/\">Bursa bir kez daha salland\u0131: B\u00fcy\u00fckl\u00fc\u011f\u00fc 4.3<\/a><\/blockquote><iframe sandbox=\"allow-scripts\" security=\"restricted\" src=\"https:\/\/memurunsesi.net\/index.php\/2025\/07\/02\/bursa-bir-kez-daha-sallandi-buyuklugu-4-3\/embed\/#?secret=XLj9TFA50V\" width=\"600\" height=\"338\" title=\"&#8220;Bursa bir kez daha salland\u0131: B\u00fcy\u00fckl\u00fc\u011f\u00fc 4.3&#8221; &#8212; Memurun Sesi\" data-secret=\"XLj9TFA50V\" frameborder=\"0\" marginwidth=\"0\" marginheight=\"0\" scrolling=\"no\" class=\"wp-embedded-content\"><\/iframe><script type=\"text\/javascript\">\n\/* <![CDATA[ *\/\n\/*! This file is auto-generated *\/\n!function(d,l){\"use strict\";l.querySelector&&d.addEventListener&&\"undefined\"!=typeof URL&&(d.wp=d.wp||{},d.wp.receiveEmbedMessage||(d.wp.receiveEmbedMessage=function(e){var t=e.data;if((t||t.secret||t.message||t.value)&&!\/[^a-zA-Z0-9]\/.test(t.secret)){for(var s,r,n,a=l.querySelectorAll('iframe[data-secret=\"'+t.secret+'\"]'),o=l.querySelectorAll('blockquote[data-secret=\"'+t.secret+'\"]'),c=new RegExp(\"^https?:$\",\"i\"),i=0;i<o.length;i++)o[i].style.display=\"none\";for(i=0;i<a.length;i++)s=a[i],e.source===s.contentWindow&&(s.removeAttribute(\"style\"),\"height\"===t.message?(1e3<(r=parseInt(t.value,10))?r=1e3:~~r<200&&(r=200),s.height=r):\"link\"===t.message&&(r=new URL(s.getAttribute(\"src\")),n=new URL(t.value),c.test(n.protocol))&&n.host===r.host&&l.activeElement===s&&(d.top.location.href=t.value))}},d.addEventListener(\"message\",d.wp.receiveEmbedMessage,!1),l.addEventListener(\"DOMContentLoaded\",function(){for(var e,t,s=l.querySelectorAll(\"iframe.wp-embedded-content\"),r=0;r<s.length;r++)(t=(e=s[r]).getAttribute(\"data-secret\"))||(t=Math.random().toString(36).substring(2,12),e.src+=\"#?secret=\"+t,e.setAttribute(\"data-secret\",t)),e.contentWindow.postMessage({message:\"ready\",secret:t},\"*\")},!1)))}(window,document);\n\/\/# sourceURL=https:\/\/memurunsesi.net\/wp-includes\/js\/wp-embed.min.js\n\/* ]]> *\/\n<\/script>\n","thumbnail_url":"https:\/\/memurunsesi.net\/wp-content\/uploads\/2025\/07\/AW488931_01.jpg","thumbnail_width":2000,"thumbnail_height":1126,"description":"&#8211; Gemlik merkezli sars\u0131nt\u0131 \u00e7evre il ve il\u00e7elerde de hissedildi Bursa&#8217;n\u0131n Gemlik il\u00e7esinde 4.3 b\u00fcy\u00fckl\u00fc\u011f\u00fcnde bir deprem meydana geldi. Bursa Valili\u011fi, herhangi bir olumsuz durum tespit edilmedi\u011fini duyurdu. AFAD Deprem Dairesi\u2019nden verilen bilgiye g\u00f6re, saat 13.57\u2019de Gemlik merkezli 4.3 b\u00fcy\u00fckl\u00fc\u011f\u00fcnde bir deprem kaydedildi. Sars\u0131nt\u0131n\u0131n 7.13 kilometre derinlikte oldu\u011fu belirtildi. Sars\u0131nt\u0131 \u00e7evre il ve il\u00e7elerde de [&hellip;]"}