{"version":"1.0","provider_name":"Memurun Sesi","provider_url":"https:\/\/memurunsesi.net","author_name":"Memurun Sesi Haber Merkezi","author_url":"https:\/\/memurunsesi.net\/index.php\/author\/uniper\/","title":"Apartman dairesinden y\u00fckselen duman pani\u011fe neden oldu - Memurun Sesi","type":"rich","width":600,"height":338,"html":"<blockquote class=\"wp-embedded-content\" data-secret=\"6SVruEKGaL\"><a href=\"https:\/\/memurunsesi.net\/index.php\/2025\/07\/03\/apartman-dairesinden-yukselen-duman-panige-neden-oldu\/\">Apartman dairesinden y\u00fckselen duman pani\u011fe neden oldu<\/a><\/blockquote><iframe sandbox=\"allow-scripts\" security=\"restricted\" src=\"https:\/\/memurunsesi.net\/index.php\/2025\/07\/03\/apartman-dairesinden-yukselen-duman-panige-neden-oldu\/embed\/#?secret=6SVruEKGaL\" width=\"600\" height=\"338\" title=\"&#8220;Apartman dairesinden y\u00fckselen duman pani\u011fe neden oldu&#8221; &#8212; Memurun Sesi\" data-secret=\"6SVruEKGaL\" frameborder=\"0\" marginwidth=\"0\" marginheight=\"0\" scrolling=\"no\" class=\"wp-embedded-content\"><\/iframe><script type=\"text\/javascript\">\n\/* <![CDATA[ *\/\n\/*! This file is auto-generated *\/\n!function(d,l){\"use strict\";l.querySelector&&d.addEventListener&&\"undefined\"!=typeof URL&&(d.wp=d.wp||{},d.wp.receiveEmbedMessage||(d.wp.receiveEmbedMessage=function(e){var t=e.data;if((t||t.secret||t.message||t.value)&&!\/[^a-zA-Z0-9]\/.test(t.secret)){for(var s,r,n,a=l.querySelectorAll('iframe[data-secret=\"'+t.secret+'\"]'),o=l.querySelectorAll('blockquote[data-secret=\"'+t.secret+'\"]'),c=new RegExp(\"^https?:$\",\"i\"),i=0;i<o.length;i++)o[i].style.display=\"none\";for(i=0;i<a.length;i++)s=a[i],e.source===s.contentWindow&&(s.removeAttribute(\"style\"),\"height\"===t.message?(1e3<(r=parseInt(t.value,10))?r=1e3:~~r<200&&(r=200),s.height=r):\"link\"===t.message&&(r=new URL(s.getAttribute(\"src\")),n=new URL(t.value),c.test(n.protocol))&&n.host===r.host&&l.activeElement===s&&(d.top.location.href=t.value))}},d.addEventListener(\"message\",d.wp.receiveEmbedMessage,!1),l.addEventListener(\"DOMContentLoaded\",function(){for(var e,t,s=l.querySelectorAll(\"iframe.wp-embedded-content\"),r=0;r<s.length;r++)(t=(e=s[r]).getAttribute(\"data-secret\"))||(t=Math.random().toString(36).substring(2,12),e.src+=\"#?secret=\"+t,e.setAttribute(\"data-secret\",t)),e.contentWindow.postMessage({message:\"ready\",secret:t},\"*\")},!1)))}(window,document);\n\/\/# sourceURL=https:\/\/memurunsesi.net\/wp-includes\/js\/wp-embed.min.js\n\/* ]]> *\/\n<\/script>\n","thumbnail_url":"https:\/\/memurunsesi.net\/wp-content\/uploads\/2025\/07\/AW489270_01.jpg","thumbnail_width":1600,"thumbnail_height":900,"description":"Zonguldak\u2019\u0131n Ere\u011fli il\u00e7esinde bir apartman dairesinden y\u00fckselen duman, mahallede k\u0131sa s\u00fcreli pani\u011fe neden oldu. Yang\u0131n, itfaiye ekiplerinin zaman\u0131nda m\u00fcdahalesiyle b\u00fcy\u00fcmeden s\u00f6nd\u00fcr\u00fcld\u00fc. Olay, Ere\u011fli il\u00e7esine ba\u011fl\u0131 S\u00fcleymanlar Mahallesi\u2019nde bulunan bir sitede meydana geldi. Edinilen bilgiye g\u00f6re, apartman sakinleri bir daireden yo\u011fun duman \u00e7\u0131kt\u0131\u011f\u0131n\u0131 fark ederek durumu 112 Acil \u00c7a\u011fr\u0131 Merkezi\u2019ne bildirdi. K\u0131sa s\u00fcrede olay yerine Karadeniz [&hellip;]"}