{"version":"1.0","provider_name":"Memurun Sesi","provider_url":"https:\/\/memurunsesi.net","author_name":"Memurun Sesi Haber Merkezi","author_url":"https:\/\/memurunsesi.net\/index.php\/author\/uniper\/","title":"\u00c7ald\u0131\u011f\u0131 otomobil ile polise yakaland\u0131 - Memurun Sesi","type":"rich","width":600,"height":338,"html":"<blockquote class=\"wp-embedded-content\" data-secret=\"CpED1Lu20n\"><a href=\"https:\/\/memurunsesi.net\/index.php\/2025\/07\/04\/caldigi-otomobil-ile-polise-yakalandi\/\">\u00c7ald\u0131\u011f\u0131 otomobil ile polise yakaland\u0131<\/a><\/blockquote><iframe sandbox=\"allow-scripts\" security=\"restricted\" src=\"https:\/\/memurunsesi.net\/index.php\/2025\/07\/04\/caldigi-otomobil-ile-polise-yakalandi\/embed\/#?secret=CpED1Lu20n\" width=\"600\" height=\"338\" title=\"&#8220;\u00c7ald\u0131\u011f\u0131 otomobil ile polise yakaland\u0131&#8221; &#8212; Memurun Sesi\" data-secret=\"CpED1Lu20n\" frameborder=\"0\" marginwidth=\"0\" marginheight=\"0\" scrolling=\"no\" class=\"wp-embedded-content\"><\/iframe><script type=\"text\/javascript\">\n\/* <![CDATA[ *\/\n\/*! This file is auto-generated *\/\n!function(d,l){\"use strict\";l.querySelector&&d.addEventListener&&\"undefined\"!=typeof URL&&(d.wp=d.wp||{},d.wp.receiveEmbedMessage||(d.wp.receiveEmbedMessage=function(e){var t=e.data;if((t||t.secret||t.message||t.value)&&!\/[^a-zA-Z0-9]\/.test(t.secret)){for(var s,r,n,a=l.querySelectorAll('iframe[data-secret=\"'+t.secret+'\"]'),o=l.querySelectorAll('blockquote[data-secret=\"'+t.secret+'\"]'),c=new RegExp(\"^https?:$\",\"i\"),i=0;i<o.length;i++)o[i].style.display=\"none\";for(i=0;i<a.length;i++)s=a[i],e.source===s.contentWindow&&(s.removeAttribute(\"style\"),\"height\"===t.message?(1e3<(r=parseInt(t.value,10))?r=1e3:~~r<200&&(r=200),s.height=r):\"link\"===t.message&&(r=new URL(s.getAttribute(\"src\")),n=new URL(t.value),c.test(n.protocol))&&n.host===r.host&&l.activeElement===s&&(d.top.location.href=t.value))}},d.addEventListener(\"message\",d.wp.receiveEmbedMessage,!1),l.addEventListener(\"DOMContentLoaded\",function(){for(var e,t,s=l.querySelectorAll(\"iframe.wp-embedded-content\"),r=0;r<s.length;r++)(t=(e=s[r]).getAttribute(\"data-secret\"))||(t=Math.random().toString(36).substring(2,12),e.src+=\"#?secret=\"+t,e.setAttribute(\"data-secret\",t)),e.contentWindow.postMessage({message:\"ready\",secret:t},\"*\")},!1)))}(window,document);\n\/\/# sourceURL=https:\/\/memurunsesi.net\/wp-includes\/js\/wp-embed.min.js\n\/* ]]> *\/\n<\/script>\n","thumbnail_url":"https:\/\/memurunsesi.net\/wp-content\/uploads\/2025\/07\/AW490028_02-scaled.jpg","thumbnail_width":2560,"thumbnail_height":1442,"description":"&#8211; \u00c7al\u0131nt\u0131 ara\u00e7tan \u00e7\u0131kan palya\u00e7o k\u0131yafetleri dikkat \u00e7ekti Sakarya\u2019n\u0131n Adapazar\u0131 il\u00e7esinden \u00e7ald\u0131\u011f\u0131 otomobil ile Akyaz\u0131\u2019ya ka\u00e7an \u015f\u00fcpheli, polis ekiplerince k\u0131sa s\u00fcrede yakaland\u0131. Polisin cadde ortas\u0131nda \u00f6n\u00fcn\u00fc kesti\u011fi \u015f\u00fcpheli k\u0131sk\u0131vrak yakalan\u0131rken, \u00e7al\u0131nt\u0131 ara\u00e7tan \u00e7\u0131kan palya\u00e7o kost\u00fcmleri ise dikkatlerden ka\u00e7mad\u0131. H\u0131rs\u0131zl\u0131k, Adapazar\u0131 il\u00e7esinde meydana geldi. R.A.\u2019ya ait 54 FM 022 otomobil, kimli\u011fi \u00d6.T. olarak belirlenen \u015fah\u0131s taraf\u0131ndan [&hellip;]"}