{"version":"1.0","provider_name":"Memurun Sesi","provider_url":"https:\/\/memurunsesi.net","author_name":"Memurun Sesi Haber Merkezi","author_url":"https:\/\/memurunsesi.net\/index.php\/author\/uniper\/","title":"Kontrolden \u00e7\u0131kan otomobil kanala d\u00fc\u015ft\u00fc: 1 yaral\u0131 - Memurun Sesi","type":"rich","width":600,"height":338,"html":"<blockquote class=\"wp-embedded-content\" data-secret=\"OLzdSH9Xq8\"><a href=\"https:\/\/memurunsesi.net\/index.php\/2025\/07\/04\/kontrolden-cikan-otomobil-kanala-dustu-1-yarali\/\">Kontrolden \u00e7\u0131kan otomobil kanala d\u00fc\u015ft\u00fc: 1 yaral\u0131<\/a><\/blockquote><iframe sandbox=\"allow-scripts\" security=\"restricted\" src=\"https:\/\/memurunsesi.net\/index.php\/2025\/07\/04\/kontrolden-cikan-otomobil-kanala-dustu-1-yarali\/embed\/#?secret=OLzdSH9Xq8\" width=\"600\" height=\"338\" title=\"&#8220;Kontrolden \u00e7\u0131kan otomobil kanala d\u00fc\u015ft\u00fc: 1 yaral\u0131&#8221; &#8212; Memurun Sesi\" data-secret=\"OLzdSH9Xq8\" frameborder=\"0\" marginwidth=\"0\" marginheight=\"0\" scrolling=\"no\" class=\"wp-embedded-content\"><\/iframe><script type=\"text\/javascript\">\n\/* <![CDATA[ *\/\n\/*! This file is auto-generated *\/\n!function(d,l){\"use strict\";l.querySelector&&d.addEventListener&&\"undefined\"!=typeof URL&&(d.wp=d.wp||{},d.wp.receiveEmbedMessage||(d.wp.receiveEmbedMessage=function(e){var t=e.data;if((t||t.secret||t.message||t.value)&&!\/[^a-zA-Z0-9]\/.test(t.secret)){for(var s,r,n,a=l.querySelectorAll('iframe[data-secret=\"'+t.secret+'\"]'),o=l.querySelectorAll('blockquote[data-secret=\"'+t.secret+'\"]'),c=new RegExp(\"^https?:$\",\"i\"),i=0;i<o.length;i++)o[i].style.display=\"none\";for(i=0;i<a.length;i++)s=a[i],e.source===s.contentWindow&&(s.removeAttribute(\"style\"),\"height\"===t.message?(1e3<(r=parseInt(t.value,10))?r=1e3:~~r<200&&(r=200),s.height=r):\"link\"===t.message&&(r=new URL(s.getAttribute(\"src\")),n=new URL(t.value),c.test(n.protocol))&&n.host===r.host&&l.activeElement===s&&(d.top.location.href=t.value))}},d.addEventListener(\"message\",d.wp.receiveEmbedMessage,!1),l.addEventListener(\"DOMContentLoaded\",function(){for(var e,t,s=l.querySelectorAll(\"iframe.wp-embedded-content\"),r=0;r<s.length;r++)(t=(e=s[r]).getAttribute(\"data-secret\"))||(t=Math.random().toString(36).substring(2,12),e.src+=\"#?secret=\"+t,e.setAttribute(\"data-secret\",t)),e.contentWindow.postMessage({message:\"ready\",secret:t},\"*\")},!1)))}(window,document);\n\/\/# sourceURL=https:\/\/memurunsesi.net\/wp-includes\/js\/wp-embed.min.js\n\/* ]]> *\/\n<\/script>\n","thumbnail_url":"https:\/\/memurunsesi.net\/wp-content\/uploads\/2025\/07\/AW490022_01-scaled.jpg","thumbnail_width":2560,"thumbnail_height":1707,"description":"Kayseri&#8217;nin Melikgazi il\u00e7esinde otomobilin su kanal\u0131na d\u00fc\u015fmesi sonucu meydana gelen kazada 1 ki\u015fi yaraland\u0131. Edinilen bilgiye g\u00f6re il\u00e7eye ba\u011fl\u0131 Germir mahallesi Dr. Sami \u0130pek Caddesi \u00fczerinde A.D. idaresindeki 38 AHS 252 plakal\u0131 otomobil, s\u00fcr\u00fcc\u00fcs\u00fcn\u00fcn direksiyon hakimiyetini kaybetmesi sonucu su kanal\u0131na d\u00fc\u015ft\u00fc. Durumun bildirilmesi \u00fczerine polis, sa\u011fl\u0131k ve itfaiye ekipleri sevk edildi. \u0130tfaiye ekipleri taraf\u0131ndan s\u00fcr\u00fcc\u00fc [&hellip;]"}