{"version":"1.0","provider_name":"Memurun Sesi","provider_url":"https:\/\/memurunsesi.net","author_name":"Memurun Sesi Haber Merkezi","author_url":"https:\/\/memurunsesi.net\/index.php\/author\/uniper\/","title":"Band\u0131rma'da hastane otopark\u0131nda ara\u00e7 yang\u0131n\u0131 - Memurun Sesi","type":"rich","width":600,"height":338,"html":"<blockquote class=\"wp-embedded-content\" data-secret=\"rPq9xUKsDK\"><a href=\"https:\/\/memurunsesi.net\/index.php\/2025\/07\/10\/bandirmada-hastane-otoparkinda-arac-yangini\/\">Band\u0131rma&#8217;da hastane otopark\u0131nda ara\u00e7 yang\u0131n\u0131<\/a><\/blockquote><iframe sandbox=\"allow-scripts\" security=\"restricted\" src=\"https:\/\/memurunsesi.net\/index.php\/2025\/07\/10\/bandirmada-hastane-otoparkinda-arac-yangini\/embed\/#?secret=rPq9xUKsDK\" width=\"600\" height=\"338\" title=\"&#8220;Band\u0131rma&#8217;da hastane otopark\u0131nda ara\u00e7 yang\u0131n\u0131&#8221; &#8212; Memurun Sesi\" data-secret=\"rPq9xUKsDK\" frameborder=\"0\" marginwidth=\"0\" marginheight=\"0\" scrolling=\"no\" class=\"wp-embedded-content\"><\/iframe><script type=\"text\/javascript\">\n\/* <![CDATA[ *\/\n\/*! This file is auto-generated *\/\n!function(d,l){\"use strict\";l.querySelector&&d.addEventListener&&\"undefined\"!=typeof URL&&(d.wp=d.wp||{},d.wp.receiveEmbedMessage||(d.wp.receiveEmbedMessage=function(e){var t=e.data;if((t||t.secret||t.message||t.value)&&!\/[^a-zA-Z0-9]\/.test(t.secret)){for(var s,r,n,a=l.querySelectorAll('iframe[data-secret=\"'+t.secret+'\"]'),o=l.querySelectorAll('blockquote[data-secret=\"'+t.secret+'\"]'),c=new RegExp(\"^https?:$\",\"i\"),i=0;i<o.length;i++)o[i].style.display=\"none\";for(i=0;i<a.length;i++)s=a[i],e.source===s.contentWindow&&(s.removeAttribute(\"style\"),\"height\"===t.message?(1e3<(r=parseInt(t.value,10))?r=1e3:~~r<200&&(r=200),s.height=r):\"link\"===t.message&&(r=new URL(s.getAttribute(\"src\")),n=new URL(t.value),c.test(n.protocol))&&n.host===r.host&&l.activeElement===s&&(d.top.location.href=t.value))}},d.addEventListener(\"message\",d.wp.receiveEmbedMessage,!1),l.addEventListener(\"DOMContentLoaded\",function(){for(var e,t,s=l.querySelectorAll(\"iframe.wp-embedded-content\"),r=0;r<s.length;r++)(t=(e=s[r]).getAttribute(\"data-secret\"))||(t=Math.random().toString(36).substring(2,12),e.src+=\"#?secret=\"+t,e.setAttribute(\"data-secret\",t)),e.contentWindow.postMessage({message:\"ready\",secret:t},\"*\")},!1)))}(window,document);\n\/\/# sourceURL=https:\/\/memurunsesi.net\/wp-includes\/js\/wp-embed.min.js\n\/* ]]> *\/\n<\/script>\n","thumbnail_url":"https:\/\/memurunsesi.net\/wp-content\/uploads\/2025\/07\/AW494209_01-2-scaled.jpg","thumbnail_width":2560,"thumbnail_height":1920,"description":"Bal\u0131kesir&#8217;in Band\u0131rma il\u00e7esinde hastane otopark\u0131nda park halinde bulunan otomobil alev ald\u0131. \u0130tfaiye ekiplerinin m\u00fcdahalesiyle s\u00f6nd\u00fcr\u00fclen yang\u0131nda ara\u00e7 kullan\u0131lamaz hale geldi. Edinilen bilgiye g\u00f6re, Band\u0131rma E\u011fitim ve Ara\u015ft\u0131rma Hastanesi otopark\u0131nda park halinde bulunan 16 KHT plakal\u0131 ara\u00e7 hen\u00fcz belirlenemeyen bir nedenle alev ald\u0131. K\u0131sa s\u00fcrede b\u00fcy\u00fcyen yang\u0131n\u0131 g\u00f6ren vatanda\u015flar\u0131n ihbar\u0131 \u00fczerine olay yerine Band\u0131rma \u0130tfaiye Grup [&hellip;]"}