{"version":"1.0","provider_name":"Memurun Sesi","provider_url":"https:\/\/memurunsesi.net","author_name":"Memurun Sesi Haber Merkezi","author_url":"https:\/\/memurunsesi.net\/index.php\/author\/uniper\/","title":"Otoyolda arac\u0131n\u0131 ve e\u015fini b\u0131rak\u0131p ortadan kayboldu - Memurun Sesi","type":"rich","width":600,"height":338,"html":"<blockquote class=\"wp-embedded-content\" data-secret=\"MX5FJL3Fk6\"><a href=\"https:\/\/memurunsesi.net\/index.php\/2025\/07\/10\/otoyolda-aracini-ve-esini-birakip-ortadan-kayboldu\/\">Otoyolda arac\u0131n\u0131 ve e\u015fini b\u0131rak\u0131p ortadan kayboldu<\/a><\/blockquote><iframe sandbox=\"allow-scripts\" security=\"restricted\" src=\"https:\/\/memurunsesi.net\/index.php\/2025\/07\/10\/otoyolda-aracini-ve-esini-birakip-ortadan-kayboldu\/embed\/#?secret=MX5FJL3Fk6\" width=\"600\" height=\"338\" title=\"&#8220;Otoyolda arac\u0131n\u0131 ve e\u015fini b\u0131rak\u0131p ortadan kayboldu&#8221; &#8212; Memurun Sesi\" data-secret=\"MX5FJL3Fk6\" frameborder=\"0\" marginwidth=\"0\" marginheight=\"0\" scrolling=\"no\" class=\"wp-embedded-content\"><\/iframe><script type=\"text\/javascript\">\n\/* <![CDATA[ *\/\n\/*! This file is auto-generated *\/\n!function(d,l){\"use strict\";l.querySelector&&d.addEventListener&&\"undefined\"!=typeof URL&&(d.wp=d.wp||{},d.wp.receiveEmbedMessage||(d.wp.receiveEmbedMessage=function(e){var t=e.data;if((t||t.secret||t.message||t.value)&&!\/[^a-zA-Z0-9]\/.test(t.secret)){for(var s,r,n,a=l.querySelectorAll('iframe[data-secret=\"'+t.secret+'\"]'),o=l.querySelectorAll('blockquote[data-secret=\"'+t.secret+'\"]'),c=new RegExp(\"^https?:$\",\"i\"),i=0;i<o.length;i++)o[i].style.display=\"none\";for(i=0;i<a.length;i++)s=a[i],e.source===s.contentWindow&&(s.removeAttribute(\"style\"),\"height\"===t.message?(1e3<(r=parseInt(t.value,10))?r=1e3:~~r<200&&(r=200),s.height=r):\"link\"===t.message&&(r=new URL(s.getAttribute(\"src\")),n=new URL(t.value),c.test(n.protocol))&&n.host===r.host&&l.activeElement===s&&(d.top.location.href=t.value))}},d.addEventListener(\"message\",d.wp.receiveEmbedMessage,!1),l.addEventListener(\"DOMContentLoaded\",function(){for(var e,t,s=l.querySelectorAll(\"iframe.wp-embedded-content\"),r=0;r<s.length;r++)(t=(e=s[r]).getAttribute(\"data-secret\"))||(t=Math.random().toString(36).substring(2,12),e.src+=\"#?secret=\"+t,e.setAttribute(\"data-secret\",t)),e.contentWindow.postMessage({message:\"ready\",secret:t},\"*\")},!1)))}(window,document);\n\/\/# sourceURL=https:\/\/memurunsesi.net\/wp-includes\/js\/wp-embed.min.js\n\/* ]]> *\/\n<\/script>\n","thumbnail_url":"https:\/\/memurunsesi.net\/wp-content\/uploads\/2025\/07\/AW494042_01-1.jpg","thumbnail_width":1633,"thumbnail_height":1078,"description":"&#8211; Kay\u0131plara kar\u0131\u015fan ya\u015fl\u0131 adam\u0131 bulabilmek i\u00e7in ekipler seferber oldu &#8211; Saatler s\u00fcren \u00e7al\u0131\u015fman\u0131n ard\u0131ndan ormanl\u0131k alanda bulunan 70 ya\u015f\u0131ndaki adam, kald\u0131r\u0131ld\u0131\u011f\u0131 hastanede ya\u015fam\u0131n\u0131 yitirdi Anadolu Otoyolu Sakarya ge\u00e7i\u015finde gece saatlerinde 70 ya\u015f\u0131ndaki adam, dinlenme tesisinde arac\u0131n\u0131 ve e\u015fini b\u0131rak\u0131p ortadan kayboldu. Ekiplerin sabaha kadar s\u00fcren arama \u00e7al\u0131\u015fmalar\u0131 neticesinde ormanl\u0131k alanda sa\u011f olarak bulunan ya\u015fl\u0131 [&hellip;]"}