{"version":"1.0","provider_name":"Memurun Sesi","provider_url":"https:\/\/memurunsesi.net","author_name":"Memurun Sesi Haber Merkezi","author_url":"https:\/\/memurunsesi.net\/index.php\/author\/uniper\/","title":"Konya\u2019daki orman yang\u0131n\u0131 kontrol alt\u0131na al\u0131nd\u0131 - Memurun Sesi","type":"rich","width":600,"height":338,"html":"<blockquote class=\"wp-embedded-content\" data-secret=\"hQeA6GsFhL\"><a href=\"https:\/\/memurunsesi.net\/index.php\/2025\/07\/16\/konyadaki-orman-yangini-kontrol-altina-alindi\/\">Konya\u2019daki orman yang\u0131n\u0131 kontrol alt\u0131na al\u0131nd\u0131<\/a><\/blockquote><iframe sandbox=\"allow-scripts\" security=\"restricted\" src=\"https:\/\/memurunsesi.net\/index.php\/2025\/07\/16\/konyadaki-orman-yangini-kontrol-altina-alindi\/embed\/#?secret=hQeA6GsFhL\" width=\"600\" height=\"338\" title=\"&#8220;Konya\u2019daki orman yang\u0131n\u0131 kontrol alt\u0131na al\u0131nd\u0131&#8221; &#8212; Memurun Sesi\" data-secret=\"hQeA6GsFhL\" frameborder=\"0\" marginwidth=\"0\" marginheight=\"0\" scrolling=\"no\" class=\"wp-embedded-content\"><\/iframe><script type=\"text\/javascript\">\n\/* <![CDATA[ *\/\n\/*! This file is auto-generated *\/\n!function(d,l){\"use strict\";l.querySelector&&d.addEventListener&&\"undefined\"!=typeof URL&&(d.wp=d.wp||{},d.wp.receiveEmbedMessage||(d.wp.receiveEmbedMessage=function(e){var t=e.data;if((t||t.secret||t.message||t.value)&&!\/[^a-zA-Z0-9]\/.test(t.secret)){for(var s,r,n,a=l.querySelectorAll('iframe[data-secret=\"'+t.secret+'\"]'),o=l.querySelectorAll('blockquote[data-secret=\"'+t.secret+'\"]'),c=new RegExp(\"^https?:$\",\"i\"),i=0;i<o.length;i++)o[i].style.display=\"none\";for(i=0;i<a.length;i++)s=a[i],e.source===s.contentWindow&&(s.removeAttribute(\"style\"),\"height\"===t.message?(1e3<(r=parseInt(t.value,10))?r=1e3:~~r<200&&(r=200),s.height=r):\"link\"===t.message&&(r=new URL(s.getAttribute(\"src\")),n=new URL(t.value),c.test(n.protocol))&&n.host===r.host&&l.activeElement===s&&(d.top.location.href=t.value))}},d.addEventListener(\"message\",d.wp.receiveEmbedMessage,!1),l.addEventListener(\"DOMContentLoaded\",function(){for(var e,t,s=l.querySelectorAll(\"iframe.wp-embedded-content\"),r=0;r<s.length;r++)(t=(e=s[r]).getAttribute(\"data-secret\"))||(t=Math.random().toString(36).substring(2,12),e.src+=\"#?secret=\"+t,e.setAttribute(\"data-secret\",t)),e.contentWindow.postMessage({message:\"ready\",secret:t},\"*\")},!1)))}(window,document);\n\/\/# sourceURL=https:\/\/memurunsesi.net\/wp-includes\/js\/wp-embed.min.js\n\/* ]]> *\/\n<\/script>\n","thumbnail_url":"https:\/\/memurunsesi.net\/wp-content\/uploads\/2025\/07\/AW498052_01.jpg","thumbnail_width":828,"thumbnail_height":1120,"description":"Konya\u2019n\u0131n Do\u011fanhisar il\u00e7esinde pazartesi g\u00fcn\u00fc \u00e7\u0131kan orman yang\u0131n\u0131 kontrol alt\u0131na al\u0131nd\u0131. B\u00f6lgede so\u011futma \u00e7al\u0131\u015fmalar\u0131 devam ediyor. Konya Valisi \u0130brahim Ak\u0131n, X hesab\u0131ndan yapt\u0131\u011f\u0131 a\u00e7\u0131klamada, &#8220;Do\u011fanhisar il\u00e7emizde \u00e7\u0131kan orman yang\u0131n\u0131 kontrol alt\u0131na al\u0131nm\u0131\u015f olup, b\u00f6lgede so\u011futma \u00e7al\u0131\u015fmalar\u0131 devam etmektedir. Bu zorlu s\u00fcre\u00e7te fedakarca g\u00f6rev yapan t\u00fcm ekiplerimize ve g\u00f6n\u00fcll\u00fc vatanda\u015flar\u0131m\u0131za te\u015fekk\u00fcr ediyorum. Yang\u0131ndan etkilenen vatanda\u015flar\u0131m\u0131z ba\u015fta [&hellip;]"}