{"version":"1.0","provider_name":"Memurun Sesi","provider_url":"https:\/\/memurunsesi.net","author_name":"Memurun Sesi Haber Merkezi","author_url":"https:\/\/memurunsesi.net\/index.php\/author\/uniper\/","title":"Mersin'de orman yang\u0131n\u0131 - Memurun Sesi","type":"rich","width":600,"height":338,"html":"<blockquote class=\"wp-embedded-content\" data-secret=\"RqJMEU0PFs\"><a href=\"https:\/\/memurunsesi.net\/index.php\/2025\/07\/26\/mersinde-orman-yangini\/\">Mersin&#8217;de orman yang\u0131n\u0131<\/a><\/blockquote><iframe sandbox=\"allow-scripts\" security=\"restricted\" src=\"https:\/\/memurunsesi.net\/index.php\/2025\/07\/26\/mersinde-orman-yangini\/embed\/#?secret=RqJMEU0PFs\" width=\"600\" height=\"338\" title=\"&#8220;Mersin&#8217;de orman yang\u0131n\u0131&#8221; &#8212; Memurun Sesi\" data-secret=\"RqJMEU0PFs\" frameborder=\"0\" marginwidth=\"0\" marginheight=\"0\" scrolling=\"no\" class=\"wp-embedded-content\"><\/iframe><script type=\"text\/javascript\">\n\/* <![CDATA[ *\/\n\/*! This file is auto-generated *\/\n!function(d,l){\"use strict\";l.querySelector&&d.addEventListener&&\"undefined\"!=typeof URL&&(d.wp=d.wp||{},d.wp.receiveEmbedMessage||(d.wp.receiveEmbedMessage=function(e){var t=e.data;if((t||t.secret||t.message||t.value)&&!\/[^a-zA-Z0-9]\/.test(t.secret)){for(var s,r,n,a=l.querySelectorAll('iframe[data-secret=\"'+t.secret+'\"]'),o=l.querySelectorAll('blockquote[data-secret=\"'+t.secret+'\"]'),c=new RegExp(\"^https?:$\",\"i\"),i=0;i<o.length;i++)o[i].style.display=\"none\";for(i=0;i<a.length;i++)s=a[i],e.source===s.contentWindow&&(s.removeAttribute(\"style\"),\"height\"===t.message?(1e3<(r=parseInt(t.value,10))?r=1e3:~~r<200&&(r=200),s.height=r):\"link\"===t.message&&(r=new URL(s.getAttribute(\"src\")),n=new URL(t.value),c.test(n.protocol))&&n.host===r.host&&l.activeElement===s&&(d.top.location.href=t.value))}},d.addEventListener(\"message\",d.wp.receiveEmbedMessage,!1),l.addEventListener(\"DOMContentLoaded\",function(){for(var e,t,s=l.querySelectorAll(\"iframe.wp-embedded-content\"),r=0;r<s.length;r++)(t=(e=s[r]).getAttribute(\"data-secret\"))||(t=Math.random().toString(36).substring(2,12),e.src+=\"#?secret=\"+t,e.setAttribute(\"data-secret\",t)),e.contentWindow.postMessage({message:\"ready\",secret:t},\"*\")},!1)))}(window,document);\n\/\/# sourceURL=https:\/\/memurunsesi.net\/wp-includes\/js\/wp-embed.min.js\n\/* ]]> *\/\n<\/script>\n","thumbnail_url":"https:\/\/memurunsesi.net\/wp-content\/uploads\/2025\/07\/AW504636_01.jpg","thumbnail_width":1187,"thumbnail_height":618,"description":"Mersin&#8217;in Silifke il\u00e7esi s\u0131n\u0131rlar\u0131nda sabaha kar\u015f\u0131 orman yang\u0131n\u0131 \u00e7\u0131kt\u0131. Al\u0131nan bilgiye g\u00f6re, il\u00e7eye ba\u011fl\u0131 Bah\u00e7ederesi Mahallesi s\u0131n\u0131rlar\u0131nda yer alan ormanl\u0131k alanda sabaha kar\u015f\u0131 yang\u0131n \u00e7\u0131kt\u0131. Alevleri g\u00f6renler durumu 112 Acil Komuta Merkezi&#8217;ne bildirdi. Merkez, b\u00f6lgeye Silifke Orman \u0130\u015fletme M\u00fcd\u00fcrl\u00fc\u011f\u00fc&#8217;ne ba\u011fl\u0131 ekipleri sevk etti. Araz\u00f6z ve orman i\u015f\u00e7ilerinden olu\u015fan ekiplerin b\u00f6lgeye ula\u015ft\u0131\u011f\u0131 ve m\u00fcdahaleye ba\u015flad\u0131\u011f\u0131 bildirildi. [&hellip;]"}