{"version":"1.0","provider_name":"Memurun Sesi","provider_url":"https:\/\/memurunsesi.net","author_name":"Memurun Sesi Haber Merkezi","author_url":"https:\/\/memurunsesi.net\/index.php\/author\/uniper\/","title":"K\u00f6y k\u00fcl oldu, caminin i\u00e7i sa\u011flam kald\u0131 - Memurun Sesi","type":"rich","width":600,"height":338,"html":"<blockquote class=\"wp-embedded-content\" data-secret=\"Ekc1dRu66R\"><a href=\"https:\/\/memurunsesi.net\/index.php\/2025\/07\/27\/koy-kul-oldu-caminin-ici-saglam-kaldi\/\">K\u00f6y k\u00fcl oldu, caminin i\u00e7i sa\u011flam kald\u0131<\/a><\/blockquote><iframe sandbox=\"allow-scripts\" security=\"restricted\" src=\"https:\/\/memurunsesi.net\/index.php\/2025\/07\/27\/koy-kul-oldu-caminin-ici-saglam-kaldi\/embed\/#?secret=Ekc1dRu66R\" width=\"600\" height=\"338\" title=\"&#8220;K\u00f6y k\u00fcl oldu, caminin i\u00e7i sa\u011flam kald\u0131&#8221; &#8212; Memurun Sesi\" data-secret=\"Ekc1dRu66R\" frameborder=\"0\" marginwidth=\"0\" marginheight=\"0\" scrolling=\"no\" class=\"wp-embedded-content\"><\/iframe><script type=\"text\/javascript\">\n\/* <![CDATA[ *\/\n\/*! This file is auto-generated *\/\n!function(d,l){\"use strict\";l.querySelector&&d.addEventListener&&\"undefined\"!=typeof URL&&(d.wp=d.wp||{},d.wp.receiveEmbedMessage||(d.wp.receiveEmbedMessage=function(e){var t=e.data;if((t||t.secret||t.message||t.value)&&!\/[^a-zA-Z0-9]\/.test(t.secret)){for(var s,r,n,a=l.querySelectorAll('iframe[data-secret=\"'+t.secret+'\"]'),o=l.querySelectorAll('blockquote[data-secret=\"'+t.secret+'\"]'),c=new RegExp(\"^https?:$\",\"i\"),i=0;i<o.length;i++)o[i].style.display=\"none\";for(i=0;i<a.length;i++)s=a[i],e.source===s.contentWindow&&(s.removeAttribute(\"style\"),\"height\"===t.message?(1e3<(r=parseInt(t.value,10))?r=1e3:~~r<200&&(r=200),s.height=r):\"link\"===t.message&&(r=new URL(s.getAttribute(\"src\")),n=new URL(t.value),c.test(n.protocol))&&n.host===r.host&&l.activeElement===s&&(d.top.location.href=t.value))}},d.addEventListener(\"message\",d.wp.receiveEmbedMessage,!1),l.addEventListener(\"DOMContentLoaded\",function(){for(var e,t,s=l.querySelectorAll(\"iframe.wp-embedded-content\"),r=0;r<s.length;r++)(t=(e=s[r]).getAttribute(\"data-secret\"))||(t=Math.random().toString(36).substring(2,12),e.src+=\"#?secret=\"+t,e.setAttribute(\"data-secret\",t)),e.contentWindow.postMessage({message:\"ready\",secret:t},\"*\")},!1)))}(window,document);\n\/\/# sourceURL=https:\/\/memurunsesi.net\/wp-includes\/js\/wp-embed.min.js\n\/* ]]> *\/\n<\/script>\n","description":"Bilecik\u2019te \u00e7\u0131kan orman yang\u0131nlar\u0131nda k\u00fcl olan Ka\u015f\u0131k\u00e7\u0131 k\u00f6y\u00fcn\u00fcn camisinin i\u00e7ine hi\u00e7bir \u015fey olamamas\u0131 \u015fa\u015f\u0131rtt\u0131. Rahle \u00fczerindeki sayfalar\u0131 a\u00e7\u0131k Kur&#8217;an-\u0131 Kerim\u2019den hal\u0131s\u0131na kadar hi\u00e7 bozulmayan caminin i\u00e7i g\u00f6r\u00fcnt\u00fclendi. Sakarya\u2019dan Bilecik\u2019e s\u0131\u00e7rayan yang\u0131nlarda Osmaneli il\u00e7esine ba\u011fl\u0131 Ka\u015f\u0131k\u00e7\u0131 k\u00f6y\u00fcnde b\u00fcy\u00fck tahribat olu\u015fmu\u015ftu. Alevlerin ula\u015ft\u0131\u011f\u0131 k\u00f6yde bir\u00e7ok ev k\u00fcl olurken, onlarca hayvan yanarak telef olmu\u015ftu. Evleri yanan mahalleli AFAD [&hellip;]","thumbnail_url":"https:\/\/memurunsesi.net\/wp-content\/uploads\/2025\/07\/AW505424_02-scaled.jpg","thumbnail_width":2560,"thumbnail_height":1440}