{"version":"1.0","provider_name":"Memurun Sesi","provider_url":"https:\/\/memurunsesi.net","author_name":"Memurun Sesi Haber Merkezi","author_url":"https:\/\/memurunsesi.net\/index.php\/author\/uniper\/","title":"Viraj\u0131 alamayan otomobil \u015farampolde takla att\u0131: 1 \u00f6l\u00fc - Memurun Sesi","type":"rich","width":600,"height":338,"html":"<blockquote class=\"wp-embedded-content\" data-secret=\"EkHAOYkjrb\"><a href=\"https:\/\/memurunsesi.net\/index.php\/2025\/07\/27\/viraji-alamayan-otomobil-sarampolde-takla-atti-1-olu\/\">Viraj\u0131 alamayan otomobil \u015farampolde takla att\u0131: 1 \u00f6l\u00fc<\/a><\/blockquote><iframe sandbox=\"allow-scripts\" security=\"restricted\" src=\"https:\/\/memurunsesi.net\/index.php\/2025\/07\/27\/viraji-alamayan-otomobil-sarampolde-takla-atti-1-olu\/embed\/#?secret=EkHAOYkjrb\" width=\"600\" height=\"338\" title=\"&#8220;Viraj\u0131 alamayan otomobil \u015farampolde takla att\u0131: 1 \u00f6l\u00fc&#8221; &#8212; Memurun Sesi\" data-secret=\"EkHAOYkjrb\" frameborder=\"0\" marginwidth=\"0\" marginheight=\"0\" scrolling=\"no\" class=\"wp-embedded-content\"><\/iframe><script type=\"text\/javascript\">\n\/* <![CDATA[ *\/\n\/*! This file is auto-generated *\/\n!function(d,l){\"use strict\";l.querySelector&&d.addEventListener&&\"undefined\"!=typeof URL&&(d.wp=d.wp||{},d.wp.receiveEmbedMessage||(d.wp.receiveEmbedMessage=function(e){var t=e.data;if((t||t.secret||t.message||t.value)&&!\/[^a-zA-Z0-9]\/.test(t.secret)){for(var s,r,n,a=l.querySelectorAll('iframe[data-secret=\"'+t.secret+'\"]'),o=l.querySelectorAll('blockquote[data-secret=\"'+t.secret+'\"]'),c=new RegExp(\"^https?:$\",\"i\"),i=0;i<o.length;i++)o[i].style.display=\"none\";for(i=0;i<a.length;i++)s=a[i],e.source===s.contentWindow&&(s.removeAttribute(\"style\"),\"height\"===t.message?(1e3<(r=parseInt(t.value,10))?r=1e3:~~r<200&&(r=200),s.height=r):\"link\"===t.message&&(r=new URL(s.getAttribute(\"src\")),n=new URL(t.value),c.test(n.protocol))&&n.host===r.host&&l.activeElement===s&&(d.top.location.href=t.value))}},d.addEventListener(\"message\",d.wp.receiveEmbedMessage,!1),l.addEventListener(\"DOMContentLoaded\",function(){for(var e,t,s=l.querySelectorAll(\"iframe.wp-embedded-content\"),r=0;r<s.length;r++)(t=(e=s[r]).getAttribute(\"data-secret\"))||(t=Math.random().toString(36).substring(2,12),e.src+=\"#?secret=\"+t,e.setAttribute(\"data-secret\",t)),e.contentWindow.postMessage({message:\"ready\",secret:t},\"*\")},!1)))}(window,document);\n\/\/# sourceURL=https:\/\/memurunsesi.net\/wp-includes\/js\/wp-embed.min.js\n\/* ]]> *\/\n<\/script>\n","thumbnail_url":"https:\/\/memurunsesi.net\/wp-content\/uploads\/2025\/07\/AW505403_01.jpg","thumbnail_width":1600,"thumbnail_height":900,"description":"Kastamonu\u2019nun Azdavay il\u00e7esinde viraj\u0131 alamayan otomobil, yoldan \u00e7\u0131karak \u015farampolde takla att\u0131. Kazada s\u00fcr\u00fcc\u00fc hayat\u0131n\u0131 kaybetti. Edinilen bilgiye g\u00f6re, Kastamonu-\u015eenpazar kara yolu Azdavay il\u00e7esine ba\u011fl\u0131 S\u0131ra k\u00f6y\u00fc mevkiinde Yusuf Uzun idaresindeki plakas\u0131 \u00f6\u011frenilemeyen otomobil, s\u00fcr\u00fcc\u00fcs\u00fcn\u00fcn direksiyon hakimiyetini kaybetmesi sonucu yoldan \u00e7\u0131karak \u015farampolde takla att\u0131. Ya\u015fanan kazada s\u00fcr\u00fcc\u00fc Yusuf Uzun, olay yerinde hayat\u0131n\u0131 kaybetti. Ekiplerin incelemesinin ard\u0131ndan [&hellip;]"}