{"version":"1.0","provider_name":"Memurun Sesi","provider_url":"https:\/\/memurunsesi.net","author_name":"Memurun Sesi Haber Merkezi","author_url":"https:\/\/memurunsesi.net\/index.php\/author\/uniper\/","title":"Ayd\u0131ntepe\u2019de termometreler 37 dereceyi g\u00f6sterdi - Memurun Sesi","type":"rich","width":600,"height":338,"html":"<blockquote class=\"wp-embedded-content\" data-secret=\"MxgV9ZsYu6\"><a href=\"https:\/\/memurunsesi.net\/index.php\/2025\/07\/28\/aydintepede-termometreler-37-dereceyi-gosterdi\/\">Ayd\u0131ntepe\u2019de termometreler 37 dereceyi g\u00f6sterdi<\/a><\/blockquote><iframe sandbox=\"allow-scripts\" security=\"restricted\" src=\"https:\/\/memurunsesi.net\/index.php\/2025\/07\/28\/aydintepede-termometreler-37-dereceyi-gosterdi\/embed\/#?secret=MxgV9ZsYu6\" width=\"600\" height=\"338\" title=\"&#8220;Ayd\u0131ntepe\u2019de termometreler 37 dereceyi g\u00f6sterdi&#8221; &#8212; Memurun Sesi\" data-secret=\"MxgV9ZsYu6\" frameborder=\"0\" marginwidth=\"0\" marginheight=\"0\" scrolling=\"no\" class=\"wp-embedded-content\"><\/iframe><script type=\"text\/javascript\">\n\/* <![CDATA[ *\/\n\/*! This file is auto-generated *\/\n!function(d,l){\"use strict\";l.querySelector&&d.addEventListener&&\"undefined\"!=typeof URL&&(d.wp=d.wp||{},d.wp.receiveEmbedMessage||(d.wp.receiveEmbedMessage=function(e){var t=e.data;if((t||t.secret||t.message||t.value)&&!\/[^a-zA-Z0-9]\/.test(t.secret)){for(var s,r,n,a=l.querySelectorAll('iframe[data-secret=\"'+t.secret+'\"]'),o=l.querySelectorAll('blockquote[data-secret=\"'+t.secret+'\"]'),c=new RegExp(\"^https?:$\",\"i\"),i=0;i<o.length;i++)o[i].style.display=\"none\";for(i=0;i<a.length;i++)s=a[i],e.source===s.contentWindow&&(s.removeAttribute(\"style\"),\"height\"===t.message?(1e3<(r=parseInt(t.value,10))?r=1e3:~~r<200&&(r=200),s.height=r):\"link\"===t.message&&(r=new URL(s.getAttribute(\"src\")),n=new URL(t.value),c.test(n.protocol))&&n.host===r.host&&l.activeElement===s&&(d.top.location.href=t.value))}},d.addEventListener(\"message\",d.wp.receiveEmbedMessage,!1),l.addEventListener(\"DOMContentLoaded\",function(){for(var e,t,s=l.querySelectorAll(\"iframe.wp-embedded-content\"),r=0;r<s.length;r++)(t=(e=s[r]).getAttribute(\"data-secret\"))||(t=Math.random().toString(36).substring(2,12),e.src+=\"#?secret=\"+t,e.setAttribute(\"data-secret\",t)),e.contentWindow.postMessage({message:\"ready\",secret:t},\"*\")},!1)))}(window,document);\n\/\/# sourceURL=https:\/\/memurunsesi.net\/wp-includes\/js\/wp-embed.min.js\n\/* ]]> *\/\n<\/script>\n","thumbnail_url":"https:\/\/memurunsesi.net\/wp-content\/uploads\/2025\/07\/AW505721_01.jpg","thumbnail_width":999,"thumbnail_height":679,"description":"S\u0131cak havan\u0131n etkili oldu\u011fu Bayburt\u2019ta en y\u00fcksek s\u0131cakl\u0131k 37 derece ile Ayd\u0131ntepe il\u00e7esinde \u00f6l\u00e7\u00fcld\u00fc. Meteoroloji 12. B\u00f6lge M\u00fcd\u00fcrl\u00fc\u011f\u00fc ekiplerince yap\u0131lan son de\u011ferlendirmeye g\u00f6re, bug\u00fcn b\u00f6lge genelinde hava par\u00e7al\u0131 bulutlu ge\u00e7ecek. Hava s\u0131cakl\u0131\u011f\u0131 mevsim normalleri \u00fczerinde seyredecek. R\u00fczg\u00e2r g\u00fcney ve bat\u0131l\u0131 y\u00f6nlerinden hafif, zaman zaman orta kuvvette esecek. En y\u00fcksek hava s\u0131cakl\u0131\u011f\u0131 Ayd\u0131ntepe\u2019de 37 derece, Bayburt [&hellip;]"}