{"version":"1.0","provider_name":"Memurun Sesi","provider_url":"https:\/\/memurunsesi.net","author_name":"Memurun Sesi Haber Merkezi","author_url":"https:\/\/memurunsesi.net\/index.php\/author\/uniper\/","title":"Gerger'deki orman yang\u0131n\u0131 s\u00f6nd\u00fcr\u00fcld\u00fc - Memurun Sesi","type":"rich","width":600,"height":338,"html":"<blockquote class=\"wp-embedded-content\" data-secret=\"JcTA9FScM2\"><a href=\"https:\/\/memurunsesi.net\/index.php\/2025\/07\/28\/gergerdeki-orman-yangini-sonduruldu\/\">Gerger&#8217;deki orman yang\u0131n\u0131 s\u00f6nd\u00fcr\u00fcld\u00fc<\/a><\/blockquote><iframe sandbox=\"allow-scripts\" security=\"restricted\" src=\"https:\/\/memurunsesi.net\/index.php\/2025\/07\/28\/gergerdeki-orman-yangini-sonduruldu\/embed\/#?secret=JcTA9FScM2\" width=\"600\" height=\"338\" title=\"&#8220;Gerger&#8217;deki orman yang\u0131n\u0131 s\u00f6nd\u00fcr\u00fcld\u00fc&#8221; &#8212; Memurun Sesi\" data-secret=\"JcTA9FScM2\" frameborder=\"0\" marginwidth=\"0\" marginheight=\"0\" scrolling=\"no\" class=\"wp-embedded-content\"><\/iframe><script type=\"text\/javascript\">\n\/* <![CDATA[ *\/\n\/*! This file is auto-generated *\/\n!function(d,l){\"use strict\";l.querySelector&&d.addEventListener&&\"undefined\"!=typeof URL&&(d.wp=d.wp||{},d.wp.receiveEmbedMessage||(d.wp.receiveEmbedMessage=function(e){var t=e.data;if((t||t.secret||t.message||t.value)&&!\/[^a-zA-Z0-9]\/.test(t.secret)){for(var s,r,n,a=l.querySelectorAll('iframe[data-secret=\"'+t.secret+'\"]'),o=l.querySelectorAll('blockquote[data-secret=\"'+t.secret+'\"]'),c=new RegExp(\"^https?:$\",\"i\"),i=0;i<o.length;i++)o[i].style.display=\"none\";for(i=0;i<a.length;i++)s=a[i],e.source===s.contentWindow&&(s.removeAttribute(\"style\"),\"height\"===t.message?(1e3<(r=parseInt(t.value,10))?r=1e3:~~r<200&&(r=200),s.height=r):\"link\"===t.message&&(r=new URL(s.getAttribute(\"src\")),n=new URL(t.value),c.test(n.protocol))&&n.host===r.host&&l.activeElement===s&&(d.top.location.href=t.value))}},d.addEventListener(\"message\",d.wp.receiveEmbedMessage,!1),l.addEventListener(\"DOMContentLoaded\",function(){for(var e,t,s=l.querySelectorAll(\"iframe.wp-embedded-content\"),r=0;r<s.length;r++)(t=(e=s[r]).getAttribute(\"data-secret\"))||(t=Math.random().toString(36).substring(2,12),e.src+=\"#?secret=\"+t,e.setAttribute(\"data-secret\",t)),e.contentWindow.postMessage({message:\"ready\",secret:t},\"*\")},!1)))}(window,document);\n\/\/# sourceURL=https:\/\/memurunsesi.net\/wp-includes\/js\/wp-embed.min.js\n\/* ]]> *\/\n<\/script>\n","thumbnail_url":"https:\/\/memurunsesi.net\/wp-content\/uploads\/2025\/07\/AW505785_01.jpg","thumbnail_width":1280,"thumbnail_height":720,"description":"Ad\u0131yaman&#8217;\u0131n Gerger il\u00e7esinde \u00e7\u0131kan orman yang\u0131n\u0131, ekiplerin yo\u011fun m\u00fcdahalesi sonucu kontrol alt\u0131na al\u0131narak s\u00f6nd\u00fcr\u00fcld\u00fc. Gerger il\u00e7esi yak\u0131nlar\u0131nda meydana gelen orman yang\u0131n\u0131 r\u00fczgar\u0131n etkisiyle s\u0131k s\u0131k y\u00f6n de\u011fi\u015ftirmesi s\u00f6nd\u00fcrme \u00e7al\u0131\u015fmalar\u0131n\u0131 g\u00fc\u00e7le\u015ftirdi. Alevlere Gerger Belediyesi \u0130tfaiye ekipleri, jandarma ekipleri ve helikopterle m\u00fcdahale edildi. Havadan ve karadan yap\u0131lan m\u00fcdahaleler sonucunda alevler kontrol alt\u0131na al\u0131narak s\u00f6nd\u00fcr\u00fcld\u00fc. \u00d6len ya da [&hellip;]"}