{"version":"1.0","provider_name":"Memurun Sesi","provider_url":"https:\/\/memurunsesi.net","author_name":"Memurun Sesi Haber Merkezi","author_url":"https:\/\/memurunsesi.net\/index.php\/author\/uniper\/","title":"Beypazar\u0131'nda orman yang\u0131n\u0131na kar\u015f\u0131 m\u00fccadele - Memurun Sesi","type":"rich","width":600,"height":338,"html":"<blockquote class=\"wp-embedded-content\" data-secret=\"W0uVaQ3wZ4\"><a href=\"https:\/\/memurunsesi.net\/index.php\/2025\/07\/29\/beypazarinda-orman-yanginina-karsi-mucadele\/\">Beypazar\u0131&#8217;nda orman yang\u0131n\u0131na kar\u015f\u0131 m\u00fccadele<\/a><\/blockquote><iframe sandbox=\"allow-scripts\" security=\"restricted\" src=\"https:\/\/memurunsesi.net\/index.php\/2025\/07\/29\/beypazarinda-orman-yanginina-karsi-mucadele\/embed\/#?secret=W0uVaQ3wZ4\" width=\"600\" height=\"338\" title=\"&#8220;Beypazar\u0131&#8217;nda orman yang\u0131n\u0131na kar\u015f\u0131 m\u00fccadele&#8221; &#8212; Memurun Sesi\" data-secret=\"W0uVaQ3wZ4\" frameborder=\"0\" marginwidth=\"0\" marginheight=\"0\" scrolling=\"no\" class=\"wp-embedded-content\"><\/iframe><script type=\"text\/javascript\">\n\/* <![CDATA[ *\/\n\/*! This file is auto-generated *\/\n!function(d,l){\"use strict\";l.querySelector&&d.addEventListener&&\"undefined\"!=typeof URL&&(d.wp=d.wp||{},d.wp.receiveEmbedMessage||(d.wp.receiveEmbedMessage=function(e){var t=e.data;if((t||t.secret||t.message||t.value)&&!\/[^a-zA-Z0-9]\/.test(t.secret)){for(var s,r,n,a=l.querySelectorAll('iframe[data-secret=\"'+t.secret+'\"]'),o=l.querySelectorAll('blockquote[data-secret=\"'+t.secret+'\"]'),c=new RegExp(\"^https?:$\",\"i\"),i=0;i<o.length;i++)o[i].style.display=\"none\";for(i=0;i<a.length;i++)s=a[i],e.source===s.contentWindow&&(s.removeAttribute(\"style\"),\"height\"===t.message?(1e3<(r=parseInt(t.value,10))?r=1e3:~~r<200&&(r=200),s.height=r):\"link\"===t.message&&(r=new URL(s.getAttribute(\"src\")),n=new URL(t.value),c.test(n.protocol))&&n.host===r.host&&l.activeElement===s&&(d.top.location.href=t.value))}},d.addEventListener(\"message\",d.wp.receiveEmbedMessage,!1),l.addEventListener(\"DOMContentLoaded\",function(){for(var e,t,s=l.querySelectorAll(\"iframe.wp-embedded-content\"),r=0;r<s.length;r++)(t=(e=s[r]).getAttribute(\"data-secret\"))||(t=Math.random().toString(36).substring(2,12),e.src+=\"#?secret=\"+t,e.setAttribute(\"data-secret\",t)),e.contentWindow.postMessage({message:\"ready\",secret:t},\"*\")},!1)))}(window,document);\n\/\/# sourceURL=https:\/\/memurunsesi.net\/wp-includes\/js\/wp-embed.min.js\n\/* ]]> *\/\n<\/script>\n","thumbnail_url":"https:\/\/memurunsesi.net\/wp-content\/uploads\/2025\/07\/AW506396_04.jpg","thumbnail_width":1600,"thumbnail_height":1200,"description":"Beypazar\u0131 Kaymakaml\u0131\u011f\u0131 taraf\u0131ndan orman yang\u0131nlar\u0131 ile m\u00fccadele etmek i\u00e7in \u00e7al\u0131\u015fma ba\u015flat\u0131ld\u0131. Orman yang\u0131nlar\u0131na kar\u015f\u0131 ba\u015flat\u0131lan m\u00fccadele kapsam\u0131nda \u0130l\u00e7e Orman \u0130\u015fletme \u015eefli\u011fi ve \u0130l\u00e7e Jandarma Komutanl\u0131\u011f\u0131 taraf\u0131ndan ormanl\u0131k alanlarda d\u00fczenli olarak dron \u00e7ekimleri ile \u00e7evre foto\u011fraflamas\u0131 ve denetimler yap\u0131l\u0131yor. Ayr\u0131ca 26 Temmuz 2025 ile 30 A\u011fustos 2025 tarihleri aras\u0131nda ge\u00e7erli olan &#8220;Mangal ve Ate\u015fli Piknik Yasa\u011f\u0131na&#8221; [&hellip;]"}