{"version":"1.0","provider_name":"Memurun Sesi","provider_url":"https:\/\/memurunsesi.net","author_name":"Memurun Sesi Haber Merkezi","author_url":"https:\/\/memurunsesi.net\/index.php\/author\/uniper\/","title":"Diyarbak\u0131r'da ormanl\u0131k alanda \u00e7\u0131kan yang\u0131n s\u00f6nd\u00fcr\u00fcld\u00fc - Memurun Sesi","type":"rich","width":600,"height":338,"html":"<blockquote class=\"wp-embedded-content\" data-secret=\"WrjsZKcCxg\"><a href=\"https:\/\/memurunsesi.net\/index.php\/2025\/08\/10\/diyarbakirda-ormanlik-alanda-cikan-yangin-sonduruldu\/\">Diyarbak\u0131r&#8217;da ormanl\u0131k alanda \u00e7\u0131kan yang\u0131n s\u00f6nd\u00fcr\u00fcld\u00fc<\/a><\/blockquote><iframe sandbox=\"allow-scripts\" security=\"restricted\" src=\"https:\/\/memurunsesi.net\/index.php\/2025\/08\/10\/diyarbakirda-ormanlik-alanda-cikan-yangin-sonduruldu\/embed\/#?secret=WrjsZKcCxg\" width=\"600\" height=\"338\" title=\"&#8220;Diyarbak\u0131r&#8217;da ormanl\u0131k alanda \u00e7\u0131kan yang\u0131n s\u00f6nd\u00fcr\u00fcld\u00fc&#8221; &#8212; Memurun Sesi\" data-secret=\"WrjsZKcCxg\" frameborder=\"0\" marginwidth=\"0\" marginheight=\"0\" scrolling=\"no\" class=\"wp-embedded-content\"><\/iframe><script type=\"text\/javascript\">\n\/* <![CDATA[ *\/\n\/*! This file is auto-generated *\/\n!function(d,l){\"use strict\";l.querySelector&&d.addEventListener&&\"undefined\"!=typeof URL&&(d.wp=d.wp||{},d.wp.receiveEmbedMessage||(d.wp.receiveEmbedMessage=function(e){var t=e.data;if((t||t.secret||t.message||t.value)&&!\/[^a-zA-Z0-9]\/.test(t.secret)){for(var s,r,n,a=l.querySelectorAll('iframe[data-secret=\"'+t.secret+'\"]'),o=l.querySelectorAll('blockquote[data-secret=\"'+t.secret+'\"]'),c=new RegExp(\"^https?:$\",\"i\"),i=0;i<o.length;i++)o[i].style.display=\"none\";for(i=0;i<a.length;i++)s=a[i],e.source===s.contentWindow&&(s.removeAttribute(\"style\"),\"height\"===t.message?(1e3<(r=parseInt(t.value,10))?r=1e3:~~r<200&&(r=200),s.height=r):\"link\"===t.message&&(r=new URL(s.getAttribute(\"src\")),n=new URL(t.value),c.test(n.protocol))&&n.host===r.host&&l.activeElement===s&&(d.top.location.href=t.value))}},d.addEventListener(\"message\",d.wp.receiveEmbedMessage,!1),l.addEventListener(\"DOMContentLoaded\",function(){for(var e,t,s=l.querySelectorAll(\"iframe.wp-embedded-content\"),r=0;r<s.length;r++)(t=(e=s[r]).getAttribute(\"data-secret\"))||(t=Math.random().toString(36).substring(2,12),e.src+=\"#?secret=\"+t,e.setAttribute(\"data-secret\",t)),e.contentWindow.postMessage({message:\"ready\",secret:t},\"*\")},!1)))}(window,document);\n\/\/# sourceURL=https:\/\/memurunsesi.net\/wp-includes\/js\/wp-embed.min.js\n\/* ]]> *\/\n<\/script>\n","thumbnail_url":"https:\/\/memurunsesi.net\/wp-content\/uploads\/2025\/08\/AW514398_01.jpg","thumbnail_width":1206,"thumbnail_height":681,"description":"Diyarbak\u0131r&#8217;\u0131n Silvan il\u00e7esinde ormanl\u0131k alanda \u00e7\u0131kan yang\u0131n s\u00f6nd\u00fcr\u00fcld\u00fc. il\u00e7enin k\u0131rsal Kazanda\u011f\u0131 Mahallesi&#8217;nin Kalemlik mezras\u0131nda ormanl\u0131k alanda d\u00fcn ak\u015fam saatlerinde hen\u00fcz belirlenemeyen nedenle yang\u0131n \u00e7\u0131kt\u0131. \u0130hbar \u00fczerine b\u00f6lgeye Diyarbak\u0131r Orman \u0130\u015fletme M\u00fcd\u00fcrl\u00fc\u011f\u00fc ekipleri ve itfaiye ekipleri sevk edildi. Yang\u0131n, ekiplerin m\u00fcdahalesiyle gece yar\u0131s\u0131 kontrol alt\u0131na al\u0131narak s\u00f6nd\u00fcr\u00fcld\u00fc. B\u00f6lgede so\u011futma \u00e7al\u0131\u015fmalar\u0131 yap\u0131ld\u0131. 10.08.2025"}