{"version":"1.0","provider_name":"Memurun Sesi","provider_url":"https:\/\/memurunsesi.net","author_name":"Memurun Sesi Haber Merkezi","author_url":"https:\/\/memurunsesi.net\/index.php\/author\/uniper\/","title":"Kozan'da kaybolan orman i\u015f\u00e7isi arama sonucu bulundu - Memurun Sesi","type":"rich","width":600,"height":338,"html":"<blockquote class=\"wp-embedded-content\" data-secret=\"9o5cFpL5OI\"><a href=\"https:\/\/memurunsesi.net\/index.php\/2025\/08\/10\/kozanda-kaybolan-orman-iscisi-arama-sonucu-bulundu\/\">Kozan&#8217;da kaybolan orman i\u015f\u00e7isi arama sonucu bulundu<\/a><\/blockquote><iframe sandbox=\"allow-scripts\" security=\"restricted\" src=\"https:\/\/memurunsesi.net\/index.php\/2025\/08\/10\/kozanda-kaybolan-orman-iscisi-arama-sonucu-bulundu\/embed\/#?secret=9o5cFpL5OI\" width=\"600\" height=\"338\" title=\"&#8220;Kozan&#8217;da kaybolan orman i\u015f\u00e7isi arama sonucu bulundu&#8221; &#8212; Memurun Sesi\" data-secret=\"9o5cFpL5OI\" frameborder=\"0\" marginwidth=\"0\" marginheight=\"0\" scrolling=\"no\" class=\"wp-embedded-content\"><\/iframe><script type=\"text\/javascript\">\n\/* <![CDATA[ *\/\n\/*! This file is auto-generated *\/\n!function(d,l){\"use strict\";l.querySelector&&d.addEventListener&&\"undefined\"!=typeof URL&&(d.wp=d.wp||{},d.wp.receiveEmbedMessage||(d.wp.receiveEmbedMessage=function(e){var t=e.data;if((t||t.secret||t.message||t.value)&&!\/[^a-zA-Z0-9]\/.test(t.secret)){for(var s,r,n,a=l.querySelectorAll('iframe[data-secret=\"'+t.secret+'\"]'),o=l.querySelectorAll('blockquote[data-secret=\"'+t.secret+'\"]'),c=new RegExp(\"^https?:$\",\"i\"),i=0;i<o.length;i++)o[i].style.display=\"none\";for(i=0;i<a.length;i++)s=a[i],e.source===s.contentWindow&&(s.removeAttribute(\"style\"),\"height\"===t.message?(1e3<(r=parseInt(t.value,10))?r=1e3:~~r<200&&(r=200),s.height=r):\"link\"===t.message&&(r=new URL(s.getAttribute(\"src\")),n=new URL(t.value),c.test(n.protocol))&&n.host===r.host&&l.activeElement===s&&(d.top.location.href=t.value))}},d.addEventListener(\"message\",d.wp.receiveEmbedMessage,!1),l.addEventListener(\"DOMContentLoaded\",function(){for(var e,t,s=l.querySelectorAll(\"iframe.wp-embedded-content\"),r=0;r<s.length;r++)(t=(e=s[r]).getAttribute(\"data-secret\"))||(t=Math.random().toString(36).substring(2,12),e.src+=\"#?secret=\"+t,e.setAttribute(\"data-secret\",t)),e.contentWindow.postMessage({message:\"ready\",secret:t},\"*\")},!1)))}(window,document);\n\/\/# sourceURL=https:\/\/memurunsesi.net\/wp-includes\/js\/wp-embed.min.js\n\/* ]]> *\/\n<\/script>\n","thumbnail_url":"https:\/\/memurunsesi.net\/wp-content\/uploads\/2025\/08\/AW514469_01.jpg","thumbnail_width":1600,"thumbnail_height":1200,"description":"Adana\u2019n\u0131n Kozan il\u00e7esinde, 8 A\u011fustos\u2019ta \u00e7\u0131kan yang\u0131na m\u00fcdahale ederken kaybolan orman i\u015f\u00e7isi bulundu. \u0130l\u00e7eye ba\u011fl\u0131 Heniz\u00e7ak\u0131r\u0131 mevkiinde 8 A\u011fustos g\u00fcn\u00fc orman yang\u0131n\u0131 \u00e7\u0131kt\u0131. \u0130hbar \u00fczerine orman ekipleri yang\u0131na m\u00fcdahale etti. Ekip k\u0131sa s\u00fcrede olay yerine gelip, yang\u0131n\u0131 kontrol alt\u0131na ald\u0131. Ekip daha sonra g\u00f6rev yerine d\u00f6nd\u00fc\u011f\u00fcnde Ahmet Kaan Kayhan (24) isimli \u00e7al\u0131\u015fan\u0131n kay\u0131p oldu\u011funu fark [&hellip;]"}