{"version":"1.0","provider_name":"Memurun Sesi","provider_url":"https:\/\/memurunsesi.net","author_name":"Memurun Sesi Haber Merkezi","author_url":"https:\/\/memurunsesi.net\/index.php\/author\/uniper\/","title":"Tekirda\u011f\u2019da motosiklet kazas\u0131: Kask hayat kurtard\u0131 - Memurun Sesi","type":"rich","width":600,"height":338,"html":"<blockquote class=\"wp-embedded-content\" data-secret=\"5jwvOwzC1E\"><a href=\"https:\/\/memurunsesi.net\/index.php\/2025\/08\/10\/tekirdagda-motosiklet-kazasi-kask-hayat-kurtardi\/\">Tekirda\u011f\u2019da motosiklet kazas\u0131: Kask hayat kurtard\u0131<\/a><\/blockquote><iframe sandbox=\"allow-scripts\" security=\"restricted\" src=\"https:\/\/memurunsesi.net\/index.php\/2025\/08\/10\/tekirdagda-motosiklet-kazasi-kask-hayat-kurtardi\/embed\/#?secret=5jwvOwzC1E\" width=\"600\" height=\"338\" title=\"&#8220;Tekirda\u011f\u2019da motosiklet kazas\u0131: Kask hayat kurtard\u0131&#8221; &#8212; Memurun Sesi\" data-secret=\"5jwvOwzC1E\" frameborder=\"0\" marginwidth=\"0\" marginheight=\"0\" scrolling=\"no\" class=\"wp-embedded-content\"><\/iframe><script type=\"text\/javascript\">\n\/* <![CDATA[ *\/\n\/*! This file is auto-generated *\/\n!function(d,l){\"use strict\";l.querySelector&&d.addEventListener&&\"undefined\"!=typeof URL&&(d.wp=d.wp||{},d.wp.receiveEmbedMessage||(d.wp.receiveEmbedMessage=function(e){var t=e.data;if((t||t.secret||t.message||t.value)&&!\/[^a-zA-Z0-9]\/.test(t.secret)){for(var s,r,n,a=l.querySelectorAll('iframe[data-secret=\"'+t.secret+'\"]'),o=l.querySelectorAll('blockquote[data-secret=\"'+t.secret+'\"]'),c=new RegExp(\"^https?:$\",\"i\"),i=0;i<o.length;i++)o[i].style.display=\"none\";for(i=0;i<a.length;i++)s=a[i],e.source===s.contentWindow&&(s.removeAttribute(\"style\"),\"height\"===t.message?(1e3<(r=parseInt(t.value,10))?r=1e3:~~r<200&&(r=200),s.height=r):\"link\"===t.message&&(r=new URL(s.getAttribute(\"src\")),n=new URL(t.value),c.test(n.protocol))&&n.host===r.host&&l.activeElement===s&&(d.top.location.href=t.value))}},d.addEventListener(\"message\",d.wp.receiveEmbedMessage,!1),l.addEventListener(\"DOMContentLoaded\",function(){for(var e,t,s=l.querySelectorAll(\"iframe.wp-embedded-content\"),r=0;r<s.length;r++)(t=(e=s[r]).getAttribute(\"data-secret\"))||(t=Math.random().toString(36).substring(2,12),e.src+=\"#?secret=\"+t,e.setAttribute(\"data-secret\",t)),e.contentWindow.postMessage({message:\"ready\",secret:t},\"*\")},!1)))}(window,document);\n\/\/# sourceURL=https:\/\/memurunsesi.net\/wp-includes\/js\/wp-embed.min.js\n\/* ]]> *\/\n<\/script>\n","thumbnail_url":"https:\/\/memurunsesi.net\/wp-content\/uploads\/2025\/08\/AW514380_01-scaled.jpg","thumbnail_width":2560,"thumbnail_height":1920,"description":"Tekirda\u011f\u2019\u0131n S\u00fcleymanpa\u015fa il\u00e7esinde meydana gelen motosiklet kazas\u0131nda s\u00fcr\u00fcc\u00fc yaraland\u0131. Edinilen bilgiye g\u00f6re, 59 AFB 311 plakal\u0131 motosiklet, De\u011firmenalt\u0131 Mahallesi\u2019nde seyir halindeyken s\u00fcr\u00fcc\u00fcs\u00fcn\u00fcn kontrol\u00fcnden \u00e7\u0131kmas\u0131 sonucu devrildi. Kazada ba\u015f\u0131n\u0131 yere \u00e7arpan s\u00fcr\u00fcc\u00fc, kask\u0131n\u0131n tak\u0131l\u0131 olmas\u0131 sayesinde a\u011f\u0131r yaralanmaktan kurtuldu. \u0130hbar \u00fczerine olay yerine polis ve sa\u011fl\u0131k ekipleri sevk edildi. \u0130lk m\u00fcdahalesi burada yap\u0131lan yaral\u0131, daha sonra [&hellip;]"}