{"version":"1.0","provider_name":"Memurun Sesi","provider_url":"https:\/\/memurunsesi.net","author_name":"Memurun Sesi Haber Merkezi","author_url":"https:\/\/memurunsesi.net\/index.php\/author\/uniper\/","title":"Ankara'da iki grup aras\u0131nda b\u0131\u00e7akl\u0131 kavga: 3 yaral\u0131 - Memurun Sesi","type":"rich","width":600,"height":338,"html":"<blockquote class=\"wp-embedded-content\" data-secret=\"HAlw2DRWv8\"><a href=\"https:\/\/memurunsesi.net\/index.php\/2025\/08\/11\/ankarada-iki-grup-arasinda-bicakli-kavga-3-yarali\/\">Ankara&#8217;da iki grup aras\u0131nda b\u0131\u00e7akl\u0131 kavga: 3 yaral\u0131<\/a><\/blockquote><iframe sandbox=\"allow-scripts\" security=\"restricted\" src=\"https:\/\/memurunsesi.net\/index.php\/2025\/08\/11\/ankarada-iki-grup-arasinda-bicakli-kavga-3-yarali\/embed\/#?secret=HAlw2DRWv8\" width=\"600\" height=\"338\" title=\"&#8220;Ankara&#8217;da iki grup aras\u0131nda b\u0131\u00e7akl\u0131 kavga: 3 yaral\u0131&#8221; &#8212; Memurun Sesi\" data-secret=\"HAlw2DRWv8\" frameborder=\"0\" marginwidth=\"0\" marginheight=\"0\" scrolling=\"no\" class=\"wp-embedded-content\"><\/iframe><script type=\"text\/javascript\">\n\/* <![CDATA[ *\/\n\/*! This file is auto-generated *\/\n!function(d,l){\"use strict\";l.querySelector&&d.addEventListener&&\"undefined\"!=typeof URL&&(d.wp=d.wp||{},d.wp.receiveEmbedMessage||(d.wp.receiveEmbedMessage=function(e){var t=e.data;if((t||t.secret||t.message||t.value)&&!\/[^a-zA-Z0-9]\/.test(t.secret)){for(var s,r,n,a=l.querySelectorAll('iframe[data-secret=\"'+t.secret+'\"]'),o=l.querySelectorAll('blockquote[data-secret=\"'+t.secret+'\"]'),c=new RegExp(\"^https?:$\",\"i\"),i=0;i<o.length;i++)o[i].style.display=\"none\";for(i=0;i<a.length;i++)s=a[i],e.source===s.contentWindow&&(s.removeAttribute(\"style\"),\"height\"===t.message?(1e3<(r=parseInt(t.value,10))?r=1e3:~~r<200&&(r=200),s.height=r):\"link\"===t.message&&(r=new URL(s.getAttribute(\"src\")),n=new URL(t.value),c.test(n.protocol))&&n.host===r.host&&l.activeElement===s&&(d.top.location.href=t.value))}},d.addEventListener(\"message\",d.wp.receiveEmbedMessage,!1),l.addEventListener(\"DOMContentLoaded\",function(){for(var e,t,s=l.querySelectorAll(\"iframe.wp-embedded-content\"),r=0;r<s.length;r++)(t=(e=s[r]).getAttribute(\"data-secret\"))||(t=Math.random().toString(36).substring(2,12),e.src+=\"#?secret=\"+t,e.setAttribute(\"data-secret\",t)),e.contentWindow.postMessage({message:\"ready\",secret:t},\"*\")},!1)))}(window,document);\n\/\/# sourceURL=https:\/\/memurunsesi.net\/wp-includes\/js\/wp-embed.min.js\n\/* ]]> *\/\n<\/script>\n","thumbnail_url":"https:\/\/memurunsesi.net\/wp-content\/uploads\/2025\/08\/AW514868_04.jpg","thumbnail_width":2048,"thumbnail_height":1536,"description":"Ankara&#8217;n\u0131n Sincan il\u00e7esinde iki grup aras\u0131nda b\u0131\u00e7akl\u0131 kavga \u00e7\u0131kt\u0131. Kavgada b\u0131\u00e7aklanan \u00fc\u00e7 ki\u015fi yaraland\u0131. Olay, Sincan Park&#8217;ta meydana geldi. Edinilen bilgilere g\u00f6re, hen\u00fcz belirlenemeyen bir nedenden \u00f6t\u00fcr\u00fc iki grup aras\u0131nda b\u0131\u00e7akl\u0131 kavga \u00e7\u0131kt\u0131. Kavga esnas\u0131nda \u00fc\u00e7 ki\u015fi b\u0131\u00e7aklanarak yaraland\u0131. Kavgay\u0131 g\u00f6ren vatanda\u015flar durumu, sa\u011fl\u0131k ve polis ekiplerine bildirdi. Yaralanan \u015fah\u0131slar olay yerindeki ilk m\u00fcdahalenin ard\u0131ndan, [&hellip;]"}