{"version":"1.0","provider_name":"Memurun Sesi","provider_url":"https:\/\/memurunsesi.net","author_name":"Memurun Sesi Haber Merkezi","author_url":"https:\/\/memurunsesi.net\/index.php\/author\/uniper\/","title":"Deprem b\u00f6lgesinde vatanda\u015flar o anlar\u0131 anlatt\u0131 - Memurun Sesi","type":"rich","width":600,"height":338,"html":"<blockquote class=\"wp-embedded-content\" data-secret=\"e96cGKguWX\"><a href=\"https:\/\/memurunsesi.net\/index.php\/2025\/08\/11\/deprem-bolgesinde-vatandaslar-o-anlari-anlatti\/\">Deprem b\u00f6lgesinde vatanda\u015flar o anlar\u0131 anlatt\u0131<\/a><\/blockquote><iframe sandbox=\"allow-scripts\" security=\"restricted\" src=\"https:\/\/memurunsesi.net\/index.php\/2025\/08\/11\/deprem-bolgesinde-vatandaslar-o-anlari-anlatti\/embed\/#?secret=e96cGKguWX\" width=\"600\" height=\"338\" title=\"&#8220;Deprem b\u00f6lgesinde vatanda\u015flar o anlar\u0131 anlatt\u0131&#8221; &#8212; Memurun Sesi\" data-secret=\"e96cGKguWX\" frameborder=\"0\" marginwidth=\"0\" marginheight=\"0\" scrolling=\"no\" class=\"wp-embedded-content\"><\/iframe><script type=\"text\/javascript\">\n\/* <![CDATA[ *\/\n\/*! This file is auto-generated *\/\n!function(d,l){\"use strict\";l.querySelector&&d.addEventListener&&\"undefined\"!=typeof URL&&(d.wp=d.wp||{},d.wp.receiveEmbedMessage||(d.wp.receiveEmbedMessage=function(e){var t=e.data;if((t||t.secret||t.message||t.value)&&!\/[^a-zA-Z0-9]\/.test(t.secret)){for(var s,r,n,a=l.querySelectorAll('iframe[data-secret=\"'+t.secret+'\"]'),o=l.querySelectorAll('blockquote[data-secret=\"'+t.secret+'\"]'),c=new RegExp(\"^https?:$\",\"i\"),i=0;i<o.length;i++)o[i].style.display=\"none\";for(i=0;i<a.length;i++)s=a[i],e.source===s.contentWindow&&(s.removeAttribute(\"style\"),\"height\"===t.message?(1e3<(r=parseInt(t.value,10))?r=1e3:~~r<200&&(r=200),s.height=r):\"link\"===t.message&&(r=new URL(s.getAttribute(\"src\")),n=new URL(t.value),c.test(n.protocol))&&n.host===r.host&&l.activeElement===s&&(d.top.location.href=t.value))}},d.addEventListener(\"message\",d.wp.receiveEmbedMessage,!1),l.addEventListener(\"DOMContentLoaded\",function(){for(var e,t,s=l.querySelectorAll(\"iframe.wp-embedded-content\"),r=0;r<s.length;r++)(t=(e=s[r]).getAttribute(\"data-secret\"))||(t=Math.random().toString(36).substring(2,12),e.src+=\"#?secret=\"+t,e.setAttribute(\"data-secret\",t)),e.contentWindow.postMessage({message:\"ready\",secret:t},\"*\")},!1)))}(window,document);\n\/\/# sourceURL=https:\/\/memurunsesi.net\/wp-includes\/js\/wp-embed.min.js\n\/* ]]> *\/\n<\/script>\n","thumbnail_url":"https:\/\/memurunsesi.net\/wp-content\/uploads\/2025\/08\/AW514897_02.jpg","thumbnail_width":1600,"thumbnail_height":1200,"description":"&#8211; S\u0131nd\u0131rg\u0131\u2019ya ba\u011fl\u0131 G\u00f6lc\u00fck Mahallesi&#8217;nde depremin etkisi g\u00f6zler \u00f6n\u00fcne serildi Bal\u0131kesir\u2019in S\u0131nd\u0131rg\u0131 il\u00e7esinde meydana gelen 6,1 b\u00fcy\u00fckl\u00fc\u011f\u00fcndeki depremin ard\u0131ndan il\u00e7e merkezi ile G\u00f6lc\u00fck ve K\u0131z\u0131lg\u00fcl mahallelerinde bir\u00e7ok bina y\u0131k\u0131larak kullan\u0131lamaz hale geldi. Vatanda\u015flar ise geceyi sokakta ge\u00e7iriyor. Bal\u0131kesir S\u0131nd\u0131rg\u0131\u2019da saat 19.53\u2019te meydana gelen 6,1 b\u00fcy\u00fckl\u00fc\u011f\u00fcndeki depremin ard\u0131ndan vatanda\u015flar soka\u011fa d\u00f6k\u00fcld\u00fc. Ya\u015fanan depremin ard\u0131ndan gelen art\u00e7\u0131lar [&hellip;]"}