{"version":"1.0","provider_name":"Memurun Sesi","provider_url":"https:\/\/memurunsesi.net","author_name":"Memurun Sesi Haber Merkezi","author_url":"https:\/\/memurunsesi.net\/index.php\/author\/uniper\/","title":"Mu\u015f'ta da\u011fl\u0131k alanda aya\u011f\u0131 k\u0131r\u0131lan gen\u00e7 kurtar\u0131ld\u0131 - Memurun Sesi","type":"rich","width":600,"height":338,"html":"<blockquote class=\"wp-embedded-content\" data-secret=\"LzmaW3GICP\"><a href=\"https:\/\/memurunsesi.net\/index.php\/2025\/08\/11\/musta-daglik-alanda-ayagi-kirilan-genc-kurtarildi\/\">Mu\u015f&#8217;ta da\u011fl\u0131k alanda aya\u011f\u0131 k\u0131r\u0131lan gen\u00e7 kurtar\u0131ld\u0131<\/a><\/blockquote><iframe sandbox=\"allow-scripts\" security=\"restricted\" src=\"https:\/\/memurunsesi.net\/index.php\/2025\/08\/11\/musta-daglik-alanda-ayagi-kirilan-genc-kurtarildi\/embed\/#?secret=LzmaW3GICP\" width=\"600\" height=\"338\" title=\"&#8220;Mu\u015f&#8217;ta da\u011fl\u0131k alanda aya\u011f\u0131 k\u0131r\u0131lan gen\u00e7 kurtar\u0131ld\u0131&#8221; &#8212; Memurun Sesi\" data-secret=\"LzmaW3GICP\" frameborder=\"0\" marginwidth=\"0\" marginheight=\"0\" scrolling=\"no\" class=\"wp-embedded-content\"><\/iframe><script type=\"text\/javascript\">\n\/* <![CDATA[ *\/\n\/*! This file is auto-generated *\/\n!function(d,l){\"use strict\";l.querySelector&&d.addEventListener&&\"undefined\"!=typeof URL&&(d.wp=d.wp||{},d.wp.receiveEmbedMessage||(d.wp.receiveEmbedMessage=function(e){var t=e.data;if((t||t.secret||t.message||t.value)&&!\/[^a-zA-Z0-9]\/.test(t.secret)){for(var s,r,n,a=l.querySelectorAll('iframe[data-secret=\"'+t.secret+'\"]'),o=l.querySelectorAll('blockquote[data-secret=\"'+t.secret+'\"]'),c=new RegExp(\"^https?:$\",\"i\"),i=0;i<o.length;i++)o[i].style.display=\"none\";for(i=0;i<a.length;i++)s=a[i],e.source===s.contentWindow&&(s.removeAttribute(\"style\"),\"height\"===t.message?(1e3<(r=parseInt(t.value,10))?r=1e3:~~r<200&&(r=200),s.height=r):\"link\"===t.message&&(r=new URL(s.getAttribute(\"src\")),n=new URL(t.value),c.test(n.protocol))&&n.host===r.host&&l.activeElement===s&&(d.top.location.href=t.value))}},d.addEventListener(\"message\",d.wp.receiveEmbedMessage,!1),l.addEventListener(\"DOMContentLoaded\",function(){for(var e,t,s=l.querySelectorAll(\"iframe.wp-embedded-content\"),r=0;r<s.length;r++)(t=(e=s[r]).getAttribute(\"data-secret\"))||(t=Math.random().toString(36).substring(2,12),e.src+=\"#?secret=\"+t,e.setAttribute(\"data-secret\",t)),e.contentWindow.postMessage({message:\"ready\",secret:t},\"*\")},!1)))}(window,document);\n\/\/# sourceURL=https:\/\/memurunsesi.net\/wp-includes\/js\/wp-embed.min.js\n\/* ]]> *\/\n<\/script>\n","thumbnail_url":"https:\/\/memurunsesi.net\/wp-content\/uploads\/2025\/08\/AW514884_02-scaled.jpg","thumbnail_width":1152,"thumbnail_height":2560,"description":"Mu\u015f&#8217;un Az\u0131kl\u0131 k\u00f6y\u00fc k\u0131rsal\u0131nda aya\u011f\u0131 k\u0131r\u0131lan 25 ya\u015f\u0131ndaki bir ki\u015fi ekiplerinin \u00e7al\u0131\u015fmas\u0131 ile hastaneye ula\u015ft\u0131r\u0131ld\u0131. Mu\u015f&#8217;un Az\u0131kl\u0131 k\u00f6y\u00fc k\u0131rsal\u0131nda, da\u011fl\u0131k arazide d\u00fc\u015fme sonucu sa\u011f aya\u011f\u0131 k\u0131r\u0131lan 25 ya\u015f\u0131ndaki bir vatanda\u015f, UMKE, AFAD ve jandarma ekiplerinin koordineli \u00e7al\u0131\u015fmas\u0131yla kurtar\u0131ld\u0131. \u0130hbar \u00fczerine b\u00f6lgeye sevk edilen ekipler, zorlu arazi \u015fartlar\u0131nda y\u00fcr\u00fct\u00fclen operasyonla yaral\u0131ya ula\u015ft\u0131. Olay yerinde yap\u0131lan ilk [&hellip;]"}