{"version":"1.0","provider_name":"Memurun Sesi","provider_url":"https:\/\/memurunsesi.net","author_name":"Memurun Sesi Haber Merkezi","author_url":"https:\/\/memurunsesi.net\/index.php\/author\/uniper\/","title":"Ordu'da denizde kaybolan tar\u0131m i\u015f\u00e7isi aran\u0131yor - Memurun Sesi","type":"rich","width":600,"height":338,"html":"<blockquote class=\"wp-embedded-content\" data-secret=\"qTtUKraQXD\"><a href=\"https:\/\/memurunsesi.net\/index.php\/2025\/08\/11\/orduda-denizde-kaybolan-tarim-iscisi-araniyor\/\">Ordu&#8217;da denizde kaybolan tar\u0131m i\u015f\u00e7isi aran\u0131yor<\/a><\/blockquote><iframe sandbox=\"allow-scripts\" security=\"restricted\" src=\"https:\/\/memurunsesi.net\/index.php\/2025\/08\/11\/orduda-denizde-kaybolan-tarim-iscisi-araniyor\/embed\/#?secret=qTtUKraQXD\" width=\"600\" height=\"338\" title=\"&#8220;Ordu&#8217;da denizde kaybolan tar\u0131m i\u015f\u00e7isi aran\u0131yor&#8221; &#8212; Memurun Sesi\" data-secret=\"qTtUKraQXD\" frameborder=\"0\" marginwidth=\"0\" marginheight=\"0\" scrolling=\"no\" class=\"wp-embedded-content\"><\/iframe><script type=\"text\/javascript\">\n\/* <![CDATA[ *\/\n\/*! This file is auto-generated *\/\n!function(d,l){\"use strict\";l.querySelector&&d.addEventListener&&\"undefined\"!=typeof URL&&(d.wp=d.wp||{},d.wp.receiveEmbedMessage||(d.wp.receiveEmbedMessage=function(e){var t=e.data;if((t||t.secret||t.message||t.value)&&!\/[^a-zA-Z0-9]\/.test(t.secret)){for(var s,r,n,a=l.querySelectorAll('iframe[data-secret=\"'+t.secret+'\"]'),o=l.querySelectorAll('blockquote[data-secret=\"'+t.secret+'\"]'),c=new RegExp(\"^https?:$\",\"i\"),i=0;i<o.length;i++)o[i].style.display=\"none\";for(i=0;i<a.length;i++)s=a[i],e.source===s.contentWindow&&(s.removeAttribute(\"style\"),\"height\"===t.message?(1e3<(r=parseInt(t.value,10))?r=1e3:~~r<200&&(r=200),s.height=r):\"link\"===t.message&&(r=new URL(s.getAttribute(\"src\")),n=new URL(t.value),c.test(n.protocol))&&n.host===r.host&&l.activeElement===s&&(d.top.location.href=t.value))}},d.addEventListener(\"message\",d.wp.receiveEmbedMessage,!1),l.addEventListener(\"DOMContentLoaded\",function(){for(var e,t,s=l.querySelectorAll(\"iframe.wp-embedded-content\"),r=0;r<s.length;r++)(t=(e=s[r]).getAttribute(\"data-secret\"))||(t=Math.random().toString(36).substring(2,12),e.src+=\"#?secret=\"+t,e.setAttribute(\"data-secret\",t)),e.contentWindow.postMessage({message:\"ready\",secret:t},\"*\")},!1)))}(window,document);\n\/\/# sourceURL=https:\/\/memurunsesi.net\/wp-includes\/js\/wp-embed.min.js\n\/* ]]> *\/\n<\/script>\n","thumbnail_url":"https:\/\/memurunsesi.net\/wp-content\/uploads\/2025\/08\/AW514870_01-scaled.jpg","thumbnail_width":2560,"thumbnail_height":1707,"description":"Ordu&#8217;da serinlemek i\u00e7in girdi\u011fi denizde kaybolan mevsimlik tar\u0131m i\u015f\u00e7isi i\u00e7in arama \u00e7al\u0131\u015fmalar\u0131 ba\u015flat\u0131ld\u0131. Saatin ilerlemesi ile sonland\u0131r\u0131lan \u00e7al\u0131\u015fmalar sabah devam edecek. Olay, G\u00fclyal\u0131 il\u00e7esinde saat 19.30 s\u0131ralar\u0131nda meydana geldi. Edinilen bilgiye g\u00f6re, Batman ilinden Ordu&#8217;nun G\u00fclyal\u0131 il\u00e7esine f\u0131nd\u0131k hasad\u0131 i\u00e7in gelen mevsimlik tar\u0131m i\u015f\u00e7ileri Mazlum Y. (23) ve Yusuf K., f\u0131nd\u0131k hasad\u0131 sonras\u0131 serinlemek i\u00e7in [&hellip;]"}