{"version":"1.0","provider_name":"Memurun Sesi","provider_url":"https:\/\/memurunsesi.net","author_name":"Memurun Sesi Haber Merkezi","author_url":"https:\/\/memurunsesi.net\/index.php\/author\/uniper\/","title":"\u015eanl\u0131urfa\u2019da silahl\u0131 kavga: 1 yaral\u0131 - Memurun Sesi","type":"rich","width":600,"height":338,"html":"<blockquote class=\"wp-embedded-content\" data-secret=\"JJaezH0amr\"><a href=\"https:\/\/memurunsesi.net\/index.php\/2025\/08\/11\/sanliurfada-silahli-kavga-1-yarali\/\">\u015eanl\u0131urfa\u2019da silahl\u0131 kavga: 1 yaral\u0131<\/a><\/blockquote><iframe sandbox=\"allow-scripts\" security=\"restricted\" src=\"https:\/\/memurunsesi.net\/index.php\/2025\/08\/11\/sanliurfada-silahli-kavga-1-yarali\/embed\/#?secret=JJaezH0amr\" width=\"600\" height=\"338\" title=\"&#8220;\u015eanl\u0131urfa\u2019da silahl\u0131 kavga: 1 yaral\u0131&#8221; &#8212; Memurun Sesi\" data-secret=\"JJaezH0amr\" frameborder=\"0\" marginwidth=\"0\" marginheight=\"0\" scrolling=\"no\" class=\"wp-embedded-content\"><\/iframe><script type=\"text\/javascript\">\n\/* <![CDATA[ *\/\n\/*! This file is auto-generated *\/\n!function(d,l){\"use strict\";l.querySelector&&d.addEventListener&&\"undefined\"!=typeof URL&&(d.wp=d.wp||{},d.wp.receiveEmbedMessage||(d.wp.receiveEmbedMessage=function(e){var t=e.data;if((t||t.secret||t.message||t.value)&&!\/[^a-zA-Z0-9]\/.test(t.secret)){for(var s,r,n,a=l.querySelectorAll('iframe[data-secret=\"'+t.secret+'\"]'),o=l.querySelectorAll('blockquote[data-secret=\"'+t.secret+'\"]'),c=new RegExp(\"^https?:$\",\"i\"),i=0;i<o.length;i++)o[i].style.display=\"none\";for(i=0;i<a.length;i++)s=a[i],e.source===s.contentWindow&&(s.removeAttribute(\"style\"),\"height\"===t.message?(1e3<(r=parseInt(t.value,10))?r=1e3:~~r<200&&(r=200),s.height=r):\"link\"===t.message&&(r=new URL(s.getAttribute(\"src\")),n=new URL(t.value),c.test(n.protocol))&&n.host===r.host&&l.activeElement===s&&(d.top.location.href=t.value))}},d.addEventListener(\"message\",d.wp.receiveEmbedMessage,!1),l.addEventListener(\"DOMContentLoaded\",function(){for(var e,t,s=l.querySelectorAll(\"iframe.wp-embedded-content\"),r=0;r<s.length;r++)(t=(e=s[r]).getAttribute(\"data-secret\"))||(t=Math.random().toString(36).substring(2,12),e.src+=\"#?secret=\"+t,e.setAttribute(\"data-secret\",t)),e.contentWindow.postMessage({message:\"ready\",secret:t},\"*\")},!1)))}(window,document);\n\/\/# sourceURL=https:\/\/memurunsesi.net\/wp-includes\/js\/wp-embed.min.js\n\/* ]]> *\/\n<\/script>\n","thumbnail_url":"https:\/\/memurunsesi.net\/wp-content\/uploads\/2025\/08\/AW514879_01.jpg","thumbnail_width":2048,"thumbnail_height":1536,"description":"\u015eanl\u0131urfa\u2019n\u0131n Birecik il\u00e7esinde \u00e7\u0131kan silahl\u0131 kavgada 1 ki\u015fi yaraland\u0131. Edinilen bilgiye g\u00f6re kavga, gece ge\u00e7 saatlerde \u015eanl\u0131urfa\u2019n\u0131n Birecik il\u00e7esine ba\u011fl\u0131 Meydan Mahallesi&#8217;nde ya\u015fand\u0131. \u0130ki \u015fah\u0131s aras\u0131nda hen\u00fcz belirlenemeyen bir nedenle kavga \u00e7\u0131kt\u0131. \u0130ddiaya g\u00f6re kavga s\u0131ras\u0131nda D.A. yan\u0131nda bulundurdu\u011fu silahla M.A.\u2019ya ate\u015f a\u00e7t\u0131. Yaralanan \u015fah\u0131s \u00f6zel bir ara\u00e7la Birecik Devlet Hastanesine kald\u0131r\u0131larak tedavi alt\u0131na al\u0131nd\u0131. [&hellip;]"}