{"version":"1.0","provider_name":"Memurun Sesi","provider_url":"https:\/\/memurunsesi.net","author_name":"Memurun Sesi Haber Merkezi","author_url":"https:\/\/memurunsesi.net\/index.php\/author\/uniper\/","title":"Taksim Meydan\u0131\u2019nda 30 A\u011fustos Zafer Bayram\u0131 t\u00f6reni - Memurun Sesi","type":"rich","width":600,"height":338,"html":"<blockquote class=\"wp-embedded-content\" data-secret=\"Qb0kZX3Fnx\"><a href=\"https:\/\/memurunsesi.net\/index.php\/2025\/08\/30\/taksim-meydaninda-30-agustos-zafer-bayrami-toreni\/\">Taksim Meydan\u0131\u2019nda 30 A\u011fustos Zafer Bayram\u0131 t\u00f6reni<\/a><\/blockquote><iframe sandbox=\"allow-scripts\" security=\"restricted\" src=\"https:\/\/memurunsesi.net\/index.php\/2025\/08\/30\/taksim-meydaninda-30-agustos-zafer-bayrami-toreni\/embed\/#?secret=Qb0kZX3Fnx\" width=\"600\" height=\"338\" title=\"&#8220;Taksim Meydan\u0131\u2019nda 30 A\u011fustos Zafer Bayram\u0131 t\u00f6reni&#8221; &#8212; Memurun Sesi\" data-secret=\"Qb0kZX3Fnx\" frameborder=\"0\" marginwidth=\"0\" marginheight=\"0\" scrolling=\"no\" class=\"wp-embedded-content\"><\/iframe><script type=\"text\/javascript\">\n\/* <![CDATA[ *\/\n\/*! This file is auto-generated *\/\n!function(d,l){\"use strict\";l.querySelector&&d.addEventListener&&\"undefined\"!=typeof URL&&(d.wp=d.wp||{},d.wp.receiveEmbedMessage||(d.wp.receiveEmbedMessage=function(e){var t=e.data;if((t||t.secret||t.message||t.value)&&!\/[^a-zA-Z0-9]\/.test(t.secret)){for(var s,r,n,a=l.querySelectorAll('iframe[data-secret=\"'+t.secret+'\"]'),o=l.querySelectorAll('blockquote[data-secret=\"'+t.secret+'\"]'),c=new RegExp(\"^https?:$\",\"i\"),i=0;i<o.length;i++)o[i].style.display=\"none\";for(i=0;i<a.length;i++)s=a[i],e.source===s.contentWindow&&(s.removeAttribute(\"style\"),\"height\"===t.message?(1e3<(r=parseInt(t.value,10))?r=1e3:~~r<200&&(r=200),s.height=r):\"link\"===t.message&&(r=new URL(s.getAttribute(\"src\")),n=new URL(t.value),c.test(n.protocol))&&n.host===r.host&&l.activeElement===s&&(d.top.location.href=t.value))}},d.addEventListener(\"message\",d.wp.receiveEmbedMessage,!1),l.addEventListener(\"DOMContentLoaded\",function(){for(var e,t,s=l.querySelectorAll(\"iframe.wp-embedded-content\"),r=0;r<s.length;r++)(t=(e=s[r]).getAttribute(\"data-secret\"))||(t=Math.random().toString(36).substring(2,12),e.src+=\"#?secret=\"+t,e.setAttribute(\"data-secret\",t)),e.contentWindow.postMessage({message:\"ready\",secret:t},\"*\")},!1)))}(window,document);\n\/\/# sourceURL=https:\/\/memurunsesi.net\/wp-includes\/js\/wp-embed.min.js\n\/* ]]> *\/\n<\/script>\n","thumbnail_url":"https:\/\/memurunsesi.net\/wp-content\/uploads\/2025\/08\/AW527686_01.jpg","thumbnail_width":2048,"thumbnail_height":1198,"description":"30 A\u011fustos Zafer Bayram\u0131\u2019n\u0131n 103\u2019\u00fcnc\u00fc y\u0131l d\u00f6n\u00fcm\u00fcnde Taksim Meydan\u0131\u2019nda bulunan Cumhuriyet An\u0131t\u0131\u2019na \u00e7elenk b\u0131rak\u0131ld\u0131. 30 A\u011fustos Zafer Bayram\u0131\u2019n\u0131n 103\u2019\u00fcnc\u00fc y\u0131l d\u00f6n\u00fcm\u00fc kutlamalar\u0131 \u00e7er\u00e7evesinde \u0130stanbul Valili\u011fi, 1. Ordu Komutanl\u0131\u011f\u0131 ve \u0130stanbul B\u00fcy\u00fck\u015fehir Belediyesi taraf\u0131ndan Taksim Meydan\u0131\u2019nda bulunan Cumhuriyet An\u0131t\u0131\u2019na \u00e7elenk b\u0131rak\u0131ld\u0131. T\u00f6rene \u0130stanbul Valisi Davut G\u00fcl, \u0130stanbul B\u00fcy\u00fck\u015fehir Belediye Ba\u015fkanvekili Nuri Aslan, 1.Ordu Komutan\u0131 Orgeneral Bahtiyar [&hellip;]"}