{"version":"1.0","provider_name":"Memurun Sesi","provider_url":"https:\/\/memurunsesi.net","author_name":"Memurun Sesi Haber Merkezi","author_url":"https:\/\/memurunsesi.net\/index.php\/author\/uniper\/","title":"Karab\u00fck'teki yang\u0131nla ilgili 5 ki\u015fi g\u00f6zalt\u0131na al\u0131nd\u0131 - Memurun Sesi","type":"rich","width":600,"height":338,"html":"<blockquote class=\"wp-embedded-content\" data-secret=\"g34KaBXO4D\"><a href=\"https:\/\/memurunsesi.net\/index.php\/2025\/09\/01\/karabukteki-yanginla-ilgili-5-kisi-gozaltina-alindi\/\">Karab\u00fck&#8217;teki yang\u0131nla ilgili 5 ki\u015fi g\u00f6zalt\u0131na al\u0131nd\u0131<\/a><\/blockquote><iframe sandbox=\"allow-scripts\" security=\"restricted\" src=\"https:\/\/memurunsesi.net\/index.php\/2025\/09\/01\/karabukteki-yanginla-ilgili-5-kisi-gozaltina-alindi\/embed\/#?secret=g34KaBXO4D\" width=\"600\" height=\"338\" title=\"&#8220;Karab\u00fck&#8217;teki yang\u0131nla ilgili 5 ki\u015fi g\u00f6zalt\u0131na al\u0131nd\u0131&#8221; &#8212; Memurun Sesi\" data-secret=\"g34KaBXO4D\" frameborder=\"0\" marginwidth=\"0\" marginheight=\"0\" scrolling=\"no\" class=\"wp-embedded-content\"><\/iframe><script type=\"text\/javascript\">\n\/* <![CDATA[ *\/\n\/*! This file is auto-generated *\/\n!function(d,l){\"use strict\";l.querySelector&&d.addEventListener&&\"undefined\"!=typeof URL&&(d.wp=d.wp||{},d.wp.receiveEmbedMessage||(d.wp.receiveEmbedMessage=function(e){var t=e.data;if((t||t.secret||t.message||t.value)&&!\/[^a-zA-Z0-9]\/.test(t.secret)){for(var s,r,n,a=l.querySelectorAll('iframe[data-secret=\"'+t.secret+'\"]'),o=l.querySelectorAll('blockquote[data-secret=\"'+t.secret+'\"]'),c=new RegExp(\"^https?:$\",\"i\"),i=0;i<o.length;i++)o[i].style.display=\"none\";for(i=0;i<a.length;i++)s=a[i],e.source===s.contentWindow&&(s.removeAttribute(\"style\"),\"height\"===t.message?(1e3<(r=parseInt(t.value,10))?r=1e3:~~r<200&&(r=200),s.height=r):\"link\"===t.message&&(r=new URL(s.getAttribute(\"src\")),n=new URL(t.value),c.test(n.protocol))&&n.host===r.host&&l.activeElement===s&&(d.top.location.href=t.value))}},d.addEventListener(\"message\",d.wp.receiveEmbedMessage,!1),l.addEventListener(\"DOMContentLoaded\",function(){for(var e,t,s=l.querySelectorAll(\"iframe.wp-embedded-content\"),r=0;r<s.length;r++)(t=(e=s[r]).getAttribute(\"data-secret\"))||(t=Math.random().toString(36).substring(2,12),e.src+=\"#?secret=\"+t,e.setAttribute(\"data-secret\",t)),e.contentWindow.postMessage({message:\"ready\",secret:t},\"*\")},!1)))}(window,document);\n\/\/# sourceURL=https:\/\/memurunsesi.net\/wp-includes\/js\/wp-embed.min.js\n\/* ]]> *\/\n<\/script>\n","thumbnail_url":"https:\/\/memurunsesi.net\/wp-content\/uploads\/2025\/09\/AW529413_01.jpg","thumbnail_width":1290,"thumbnail_height":707,"description":"Karab\u00fck&#8217;\u00fcn Eflani il\u00e7esine ba\u011fl\u0131 Sarayc\u0131k k\u00f6y\u00fcnde \u00e7\u0131kan orman yang\u0131n\u0131yla ilgili kesim i\u015flerinde \u00e7al\u0131\u015fan 5 Afganistan uyruklu \u015fah\u0131s g\u00f6zalt\u0131na al\u0131nd\u0131. Edinilen bilgiye g\u00f6re, d\u00fcn \u00f6\u011flen saatlerinde Eflani il\u00e7esi Sarayc\u0131k k\u00f6y\u00fc Bozarmut Mahallesi mevkisinde ormanl\u0131k alanda \u00e7\u0131kan yang\u0131n\u0131 s\u00f6nd\u00fcrme \u00e7al\u0131\u015fmalar\u0131 devam ediyor. Yang\u0131n\u0131n \u00e7\u0131k\u0131\u015f nedeniyle ilgili yap\u0131lan soru\u015fturmada, orman i\u00e7erisinde bulunan kesim sahas\u0131nda orman i\u015fi yapan Afganistan [&hellip;]"}