{"version":"1.0","provider_name":"Memurun Sesi","provider_url":"https:\/\/memurunsesi.net","author_name":"Memurun Sesi Haber Merkezi","author_url":"https:\/\/memurunsesi.net\/index.php\/author\/uniper\/","title":"Malatya'da alt ge\u00e7itte zincirleme kaza: 2 yaral\u0131 - Memurun Sesi","type":"rich","width":600,"height":338,"html":"<blockquote class=\"wp-embedded-content\" data-secret=\"TUdJmc7ocq\"><a href=\"https:\/\/memurunsesi.net\/index.php\/2025\/09\/03\/malatyada-alt-gecitte-zincirleme-kaza-2-yarali\/\">Malatya&#8217;da alt ge\u00e7itte zincirleme kaza: 2 yaral\u0131<\/a><\/blockquote><iframe sandbox=\"allow-scripts\" security=\"restricted\" src=\"https:\/\/memurunsesi.net\/index.php\/2025\/09\/03\/malatyada-alt-gecitte-zincirleme-kaza-2-yarali\/embed\/#?secret=TUdJmc7ocq\" width=\"600\" height=\"338\" title=\"&#8220;Malatya&#8217;da alt ge\u00e7itte zincirleme kaza: 2 yaral\u0131&#8221; &#8212; Memurun Sesi\" data-secret=\"TUdJmc7ocq\" frameborder=\"0\" marginwidth=\"0\" marginheight=\"0\" scrolling=\"no\" class=\"wp-embedded-content\"><\/iframe><script type=\"text\/javascript\">\n\/* <![CDATA[ *\/\n\/*! This file is auto-generated *\/\n!function(d,l){\"use strict\";l.querySelector&&d.addEventListener&&\"undefined\"!=typeof URL&&(d.wp=d.wp||{},d.wp.receiveEmbedMessage||(d.wp.receiveEmbedMessage=function(e){var t=e.data;if((t||t.secret||t.message||t.value)&&!\/[^a-zA-Z0-9]\/.test(t.secret)){for(var s,r,n,a=l.querySelectorAll('iframe[data-secret=\"'+t.secret+'\"]'),o=l.querySelectorAll('blockquote[data-secret=\"'+t.secret+'\"]'),c=new RegExp(\"^https?:$\",\"i\"),i=0;i<o.length;i++)o[i].style.display=\"none\";for(i=0;i<a.length;i++)s=a[i],e.source===s.contentWindow&&(s.removeAttribute(\"style\"),\"height\"===t.message?(1e3<(r=parseInt(t.value,10))?r=1e3:~~r<200&&(r=200),s.height=r):\"link\"===t.message&&(r=new URL(s.getAttribute(\"src\")),n=new URL(t.value),c.test(n.protocol))&&n.host===r.host&&l.activeElement===s&&(d.top.location.href=t.value))}},d.addEventListener(\"message\",d.wp.receiveEmbedMessage,!1),l.addEventListener(\"DOMContentLoaded\",function(){for(var e,t,s=l.querySelectorAll(\"iframe.wp-embedded-content\"),r=0;r<s.length;r++)(t=(e=s[r]).getAttribute(\"data-secret\"))||(t=Math.random().toString(36).substring(2,12),e.src+=\"#?secret=\"+t,e.setAttribute(\"data-secret\",t)),e.contentWindow.postMessage({message:\"ready\",secret:t},\"*\")},!1)))}(window,document);\n\/\/# sourceURL=https:\/\/memurunsesi.net\/wp-includes\/js\/wp-embed.min.js\n\/* ]]> *\/\n<\/script>\n","thumbnail_url":"https:\/\/memurunsesi.net\/wp-content\/uploads\/2025\/09\/AW530304_01-scaled.jpg","thumbnail_width":2560,"thumbnail_height":1440,"description":"Malatya&#8217;da \u00fc\u00e7 arac\u0131n kar\u0131\u015ft\u0131\u011f\u0131 zincirleme trafik kazas\u0131nda 2 ki\u015fi yaraland\u0131. Kaza, Malatya-Elaz\u0131\u011f kara yolu \u00fczerinde bulunan Turgut Temelli Alt Ge\u00e7idi&#8217;nde meydana geldi. Edinilen bilgilere g\u00f6re, B.\u00d6. idaresindeki 35 GB 0214 plakal\u0131 otomobil, M.A. y\u00f6netimindeki 34 NKD 138 plakal\u0131 minib\u00fcs ve F.K. idaresindeki 34 DY 4654 plakal\u0131 minib\u00fcs alt ge\u00e7itte \u00e7arp\u0131\u015ft\u0131. Kazada M.A. ile E.\u00d6. yaraland\u0131. [&hellip;]"}