{"version":"1.0","provider_name":"Memurun Sesi","provider_url":"https:\/\/memurunsesi.net","author_name":"Memurun Sesi Haber Merkezi","author_url":"https:\/\/memurunsesi.net\/index.php\/author\/uniper\/","title":"Maltepe'de \u00f6l\u00fcmle burun buruna yolculuk kamerada - Memurun Sesi","type":"rich","width":600,"height":338,"html":"<blockquote class=\"wp-embedded-content\" data-secret=\"dmPM9lNNOh\"><a href=\"https:\/\/memurunsesi.net\/index.php\/2025\/09\/03\/maltepede-olumle-burun-buruna-yolculuk-kamerada\/\">Maltepe&#8217;de \u00f6l\u00fcmle burun buruna yolculuk kamerada<\/a><\/blockquote><iframe sandbox=\"allow-scripts\" security=\"restricted\" src=\"https:\/\/memurunsesi.net\/index.php\/2025\/09\/03\/maltepede-olumle-burun-buruna-yolculuk-kamerada\/embed\/#?secret=dmPM9lNNOh\" width=\"600\" height=\"338\" title=\"&#8220;Maltepe&#8217;de \u00f6l\u00fcmle burun buruna yolculuk kamerada&#8221; &#8212; Memurun Sesi\" data-secret=\"dmPM9lNNOh\" frameborder=\"0\" marginwidth=\"0\" marginheight=\"0\" scrolling=\"no\" class=\"wp-embedded-content\"><\/iframe><script type=\"text\/javascript\">\n\/* <![CDATA[ *\/\n\/*! This file is auto-generated *\/\n!function(d,l){\"use strict\";l.querySelector&&d.addEventListener&&\"undefined\"!=typeof URL&&(d.wp=d.wp||{},d.wp.receiveEmbedMessage||(d.wp.receiveEmbedMessage=function(e){var t=e.data;if((t||t.secret||t.message||t.value)&&!\/[^a-zA-Z0-9]\/.test(t.secret)){for(var s,r,n,a=l.querySelectorAll('iframe[data-secret=\"'+t.secret+'\"]'),o=l.querySelectorAll('blockquote[data-secret=\"'+t.secret+'\"]'),c=new RegExp(\"^https?:$\",\"i\"),i=0;i<o.length;i++)o[i].style.display=\"none\";for(i=0;i<a.length;i++)s=a[i],e.source===s.contentWindow&&(s.removeAttribute(\"style\"),\"height\"===t.message?(1e3<(r=parseInt(t.value,10))?r=1e3:~~r<200&&(r=200),s.height=r):\"link\"===t.message&&(r=new URL(s.getAttribute(\"src\")),n=new URL(t.value),c.test(n.protocol))&&n.host===r.host&&l.activeElement===s&&(d.top.location.href=t.value))}},d.addEventListener(\"message\",d.wp.receiveEmbedMessage,!1),l.addEventListener(\"DOMContentLoaded\",function(){for(var e,t,s=l.querySelectorAll(\"iframe.wp-embedded-content\"),r=0;r<s.length;r++)(t=(e=s[r]).getAttribute(\"data-secret\"))||(t=Math.random().toString(36).substring(2,12),e.src+=\"#?secret=\"+t,e.setAttribute(\"data-secret\",t)),e.contentWindow.postMessage({message:\"ready\",secret:t},\"*\")},!1)))}(window,document);\n\/\/# sourceURL=https:\/\/memurunsesi.net\/wp-includes\/js\/wp-embed.min.js\n\/* ]]> *\/\n<\/script>\n","thumbnail_url":"https:\/\/memurunsesi.net\/wp-content\/uploads\/2025\/09\/AW530506_02.jpg","thumbnail_width":1078,"thumbnail_height":1803,"description":"Maltepe\u2019de t\u00fcnel i\u00e7erisinde ters \u015feritte ilerleyen motosiklet s\u00fcr\u00fcc\u00fcs\u00fcn\u00fcn tehlikeli yolculu\u011fu cep telefonu kameras\u0131na yans\u0131d\u0131. Olay, Maltepe Cumhuriyet Meydan\u0131 t\u00fcnelinde sabah saatlerinde meydana geldi. T\u00fcnel i\u00e7erisine giren motosiklet s\u00fcr\u00fcc\u00fcs\u00fc, ters y\u00f6nde ilerledi. Trafi\u011fi hi\u00e7e sayarak kar\u015f\u0131 y\u00f6nden gelen ara\u00e7lar\u0131n \u015feridinde seyreden s\u00fcr\u00fcc\u00fc, t\u00fcnel i\u00e7inde kendi yolundaym\u0131\u015f gibi ilerleyerek hem kendi can\u0131n\u0131 hem de di\u011fer s\u00fcr\u00fcc\u00fclerin hayat\u0131n\u0131 [&hellip;]"}