{"version":"1.0","provider_name":"Memurun Sesi","provider_url":"https:\/\/memurunsesi.net","author_name":"Memurun Sesi Haber Merkezi","author_url":"https:\/\/memurunsesi.net\/index.php\/author\/uniper\/","title":"Siirt\u2019in Kurtalan il\u00e7esinde zincirleme kaza: 1 yaral\u0131 - Memurun Sesi","type":"rich","width":600,"height":338,"html":"<blockquote class=\"wp-embedded-content\" data-secret=\"lxjSIkHPTI\"><a href=\"https:\/\/memurunsesi.net\/index.php\/2025\/09\/03\/siirtin-kurtalan-ilcesinde-zincirleme-kaza-1-yarali\/\">Siirt\u2019in Kurtalan il\u00e7esinde zincirleme kaza: 1 yaral\u0131<\/a><\/blockquote><iframe sandbox=\"allow-scripts\" security=\"restricted\" src=\"https:\/\/memurunsesi.net\/index.php\/2025\/09\/03\/siirtin-kurtalan-ilcesinde-zincirleme-kaza-1-yarali\/embed\/#?secret=lxjSIkHPTI\" width=\"600\" height=\"338\" title=\"&#8220;Siirt\u2019in Kurtalan il\u00e7esinde zincirleme kaza: 1 yaral\u0131&#8221; &#8212; Memurun Sesi\" data-secret=\"lxjSIkHPTI\" frameborder=\"0\" marginwidth=\"0\" marginheight=\"0\" scrolling=\"no\" class=\"wp-embedded-content\"><\/iframe><script type=\"text\/javascript\">\n\/* <![CDATA[ *\/\n\/*! This file is auto-generated *\/\n!function(d,l){\"use strict\";l.querySelector&&d.addEventListener&&\"undefined\"!=typeof URL&&(d.wp=d.wp||{},d.wp.receiveEmbedMessage||(d.wp.receiveEmbedMessage=function(e){var t=e.data;if((t||t.secret||t.message||t.value)&&!\/[^a-zA-Z0-9]\/.test(t.secret)){for(var s,r,n,a=l.querySelectorAll('iframe[data-secret=\"'+t.secret+'\"]'),o=l.querySelectorAll('blockquote[data-secret=\"'+t.secret+'\"]'),c=new RegExp(\"^https?:$\",\"i\"),i=0;i<o.length;i++)o[i].style.display=\"none\";for(i=0;i<a.length;i++)s=a[i],e.source===s.contentWindow&&(s.removeAttribute(\"style\"),\"height\"===t.message?(1e3<(r=parseInt(t.value,10))?r=1e3:~~r<200&&(r=200),s.height=r):\"link\"===t.message&&(r=new URL(s.getAttribute(\"src\")),n=new URL(t.value),c.test(n.protocol))&&n.host===r.host&&l.activeElement===s&&(d.top.location.href=t.value))}},d.addEventListener(\"message\",d.wp.receiveEmbedMessage,!1),l.addEventListener(\"DOMContentLoaded\",function(){for(var e,t,s=l.querySelectorAll(\"iframe.wp-embedded-content\"),r=0;r<s.length;r++)(t=(e=s[r]).getAttribute(\"data-secret\"))||(t=Math.random().toString(36).substring(2,12),e.src+=\"#?secret=\"+t,e.setAttribute(\"data-secret\",t)),e.contentWindow.postMessage({message:\"ready\",secret:t},\"*\")},!1)))}(window,document);\n\/\/# sourceURL=https:\/\/memurunsesi.net\/wp-includes\/js\/wp-embed.min.js\n\/* ]]> *\/\n<\/script>\n","thumbnail_url":"https:\/\/memurunsesi.net\/wp-content\/uploads\/2025\/09\/AW530278_02.jpg","thumbnail_width":1599,"thumbnail_height":899,"description":"Siirt\u2019in Kurtalan il\u00e7esinde iki otomobil ve park halindeki bir arac\u0131n kar\u0131\u015ft\u0131\u011f\u0131 trafik kazas\u0131nda 1 ki\u015fi yaraland\u0131. Edinilen bilgilere g\u00f6re, kaza Kurtalan il\u00e7esi Recep Tayyip Erdo\u011fan bulvar\u0131nda meydana geldi. 10 VR 280 plakal\u0131 otomobil, s\u00fcr\u00fcc\u00fcs\u00fcn\u00fcn direksiyon hakimiyetini kaybetmesi sonucu 06 AL 6071 plakal\u0131 otomobile \u00e7arpt\u0131. \u00c7arpman\u0131n etkisiyle 06 AL 6071 plakal\u0131 ara\u00e7 takla atarken, park halindeki [&hellip;]"}