{"version":"1.0","provider_name":"Memurun Sesi","provider_url":"https:\/\/memurunsesi.net","author_name":"Memurun Sesi Haber Merkezi","author_url":"https:\/\/memurunsesi.net\/index.php\/author\/uniper\/","title":"\u015eemdinli\u2019de ormanl\u0131k alanda korkutan yang\u0131n - Memurun Sesi","type":"rich","width":600,"height":338,"html":"<blockquote class=\"wp-embedded-content\" data-secret=\"AmG2d0LHUC\"><a href=\"https:\/\/memurunsesi.net\/index.php\/2025\/09\/07\/semdinlide-ormanlik-alanda-korkutan-yangin\/\">\u015eemdinli\u2019de ormanl\u0131k alanda korkutan yang\u0131n<\/a><\/blockquote><iframe sandbox=\"allow-scripts\" security=\"restricted\" src=\"https:\/\/memurunsesi.net\/index.php\/2025\/09\/07\/semdinlide-ormanlik-alanda-korkutan-yangin\/embed\/#?secret=AmG2d0LHUC\" width=\"600\" height=\"338\" title=\"&#8220;\u015eemdinli\u2019de ormanl\u0131k alanda korkutan yang\u0131n&#8221; &#8212; Memurun Sesi\" data-secret=\"AmG2d0LHUC\" frameborder=\"0\" marginwidth=\"0\" marginheight=\"0\" scrolling=\"no\" class=\"wp-embedded-content\"><\/iframe><script type=\"text\/javascript\">\n\/* <![CDATA[ *\/\n\/*! This file is auto-generated *\/\n!function(d,l){\"use strict\";l.querySelector&&d.addEventListener&&\"undefined\"!=typeof URL&&(d.wp=d.wp||{},d.wp.receiveEmbedMessage||(d.wp.receiveEmbedMessage=function(e){var t=e.data;if((t||t.secret||t.message||t.value)&&!\/[^a-zA-Z0-9]\/.test(t.secret)){for(var s,r,n,a=l.querySelectorAll('iframe[data-secret=\"'+t.secret+'\"]'),o=l.querySelectorAll('blockquote[data-secret=\"'+t.secret+'\"]'),c=new RegExp(\"^https?:$\",\"i\"),i=0;i<o.length;i++)o[i].style.display=\"none\";for(i=0;i<a.length;i++)s=a[i],e.source===s.contentWindow&&(s.removeAttribute(\"style\"),\"height\"===t.message?(1e3<(r=parseInt(t.value,10))?r=1e3:~~r<200&&(r=200),s.height=r):\"link\"===t.message&&(r=new URL(s.getAttribute(\"src\")),n=new URL(t.value),c.test(n.protocol))&&n.host===r.host&&l.activeElement===s&&(d.top.location.href=t.value))}},d.addEventListener(\"message\",d.wp.receiveEmbedMessage,!1),l.addEventListener(\"DOMContentLoaded\",function(){for(var e,t,s=l.querySelectorAll(\"iframe.wp-embedded-content\"),r=0;r<s.length;r++)(t=(e=s[r]).getAttribute(\"data-secret\"))||(t=Math.random().toString(36).substring(2,12),e.src+=\"#?secret=\"+t,e.setAttribute(\"data-secret\",t)),e.contentWindow.postMessage({message:\"ready\",secret:t},\"*\")},!1)))}(window,document);\n\/\/# sourceURL=https:\/\/memurunsesi.net\/wp-includes\/js\/wp-embed.min.js\n\/* ]]> *\/\n<\/script>\n","thumbnail_url":"https:\/\/memurunsesi.net\/wp-content\/uploads\/2025\/09\/AW533331_01.jpg","thumbnail_width":1290,"thumbnail_height":1017,"description":"Hakkari\u2019nin \u015eemdinli il\u00e7esinde ormanl\u0131k alanda \u00e7\u0131kan yang\u0131n korkuya neden olurken, ekiplerin yang\u0131na m\u00fcdahalesi s\u00fcr\u00fcyor. Edinilen bilgilere g\u00f6re, Derya k\u00f6y\u00fcne yak\u0131n ormanl\u0131k alanda yang\u0131n \u00e7\u0131kt\u0131. R\u00fczgar\u0131n etkisiyle yang\u0131n b\u00fcy\u00fcrken, vatanda\u015flar alevlere ilk m\u00fcdahaleyi yapt\u0131. Zorlu arazi \u015fartlar\u0131 nedeniyle yetersiz kalan vatanda\u015flar\u0131n ihbar\u0131 \u00fczerine b\u00f6lgeye ekipler sevk edildi. Ekiplerin yang\u0131n\u0131 s\u00f6nd\u00fcrme \u00e7al\u0131\u015fmalar\u0131 devam ediyor. 7.09.2025"}