{"version":"1.0","provider_name":"Memurun Sesi","provider_url":"https:\/\/memurunsesi.net","author_name":"Memurun Sesi Haber Merkezi","author_url":"https:\/\/memurunsesi.net\/index.php\/author\/uniper\/","title":"\u015eanl\u0131urfa'da saman y\u00fckl\u00fc t\u0131r alev alev yand\u0131 - Memurun Sesi","type":"rich","width":600,"height":338,"html":"<blockquote class=\"wp-embedded-content\" data-secret=\"e3g7ILmdCG\"><a href=\"https:\/\/memurunsesi.net\/index.php\/2025\/10\/07\/sanliurfada-saman-yuklu-tir-alev-alev-yandi-2\/\">\u015eanl\u0131urfa&#8217;da saman y\u00fckl\u00fc t\u0131r alev alev yand\u0131<\/a><\/blockquote><iframe sandbox=\"allow-scripts\" security=\"restricted\" src=\"https:\/\/memurunsesi.net\/index.php\/2025\/10\/07\/sanliurfada-saman-yuklu-tir-alev-alev-yandi-2\/embed\/#?secret=e3g7ILmdCG\" width=\"600\" height=\"338\" title=\"&#8220;\u015eanl\u0131urfa&#8217;da saman y\u00fckl\u00fc t\u0131r alev alev yand\u0131&#8221; &#8212; Memurun Sesi\" data-secret=\"e3g7ILmdCG\" frameborder=\"0\" marginwidth=\"0\" marginheight=\"0\" scrolling=\"no\" class=\"wp-embedded-content\"><\/iframe><script type=\"text\/javascript\">\n\/* <![CDATA[ *\/\n\/*! This file is auto-generated *\/\n!function(d,l){\"use strict\";l.querySelector&&d.addEventListener&&\"undefined\"!=typeof URL&&(d.wp=d.wp||{},d.wp.receiveEmbedMessage||(d.wp.receiveEmbedMessage=function(e){var t=e.data;if((t||t.secret||t.message||t.value)&&!\/[^a-zA-Z0-9]\/.test(t.secret)){for(var s,r,n,a=l.querySelectorAll('iframe[data-secret=\"'+t.secret+'\"]'),o=l.querySelectorAll('blockquote[data-secret=\"'+t.secret+'\"]'),c=new RegExp(\"^https?:$\",\"i\"),i=0;i<o.length;i++)o[i].style.display=\"none\";for(i=0;i<a.length;i++)s=a[i],e.source===s.contentWindow&&(s.removeAttribute(\"style\"),\"height\"===t.message?(1e3<(r=parseInt(t.value,10))?r=1e3:~~r<200&&(r=200),s.height=r):\"link\"===t.message&&(r=new URL(s.getAttribute(\"src\")),n=new URL(t.value),c.test(n.protocol))&&n.host===r.host&&l.activeElement===s&&(d.top.location.href=t.value))}},d.addEventListener(\"message\",d.wp.receiveEmbedMessage,!1),l.addEventListener(\"DOMContentLoaded\",function(){for(var e,t,s=l.querySelectorAll(\"iframe.wp-embedded-content\"),r=0;r<s.length;r++)(t=(e=s[r]).getAttribute(\"data-secret\"))||(t=Math.random().toString(36).substring(2,12),e.src+=\"#?secret=\"+t,e.setAttribute(\"data-secret\",t)),e.contentWindow.postMessage({message:\"ready\",secret:t},\"*\")},!1)))}(window,document);\n\/\/# sourceURL=https:\/\/memurunsesi.net\/wp-includes\/js\/wp-embed.min.js\n\/* ]]> *\/\n<\/script>\n","thumbnail_url":"https:\/\/memurunsesi.net\/wp-content\/uploads\/2025\/10\/AW553275_01.jpg","thumbnail_width":1536,"thumbnail_height":2048,"description":"\u015eanl\u0131urfa&#8217;da alev alan saman y\u00fckl\u00fc t\u0131r kullan\u0131lamaz hale geldi. Edinilen bilgiye g\u00f6re olay, Viran\u015fehir-\u015eanl\u0131urfa karayolunda meydana geldi. Plakas\u0131 ve s\u00fcr\u00fcc\u00fcs\u00fc belirlenemeyen t\u0131r, seyir halindeyken bir anda alev ald\u0131. Yang\u0131n\u0131 fark eden s\u00fcr\u00fcc\u00fc arac\u0131 yol kenar\u0131na \u00e7ekerek durumu itfaiye ekiplerine bildirdi. Olay yerine ula\u015fan itfaiye ekiplerinin \u00e7al\u0131\u015fmas\u0131 sonucu yang\u0131n kontrol alt\u0131na al\u0131nd\u0131. \u00d6l\u00fc ve yaral\u0131n\u0131n olmad\u0131\u011f\u0131 [&hellip;]"}