{"version":"1.0","provider_name":"Memurun Sesi","provider_url":"https:\/\/memurunsesi.net","author_name":"Memurun Sesi Haber Merkezi","author_url":"https:\/\/memurunsesi.net\/index.php\/author\/uniper\/","title":"Parkta b\u0131\u00e7akl\u0131 kavga: 2 yaral\u0131 - Memurun Sesi","type":"rich","width":600,"height":338,"html":"<blockquote class=\"wp-embedded-content\" data-secret=\"ve9JtclrX0\"><a href=\"https:\/\/memurunsesi.net\/index.php\/2025\/10\/08\/parkta-bicakli-kavga-2-yarali\/\">Parkta b\u0131\u00e7akl\u0131 kavga: 2 yaral\u0131<\/a><\/blockquote><iframe sandbox=\"allow-scripts\" security=\"restricted\" src=\"https:\/\/memurunsesi.net\/index.php\/2025\/10\/08\/parkta-bicakli-kavga-2-yarali\/embed\/#?secret=ve9JtclrX0\" width=\"600\" height=\"338\" title=\"&#8220;Parkta b\u0131\u00e7akl\u0131 kavga: 2 yaral\u0131&#8221; &#8212; Memurun Sesi\" data-secret=\"ve9JtclrX0\" frameborder=\"0\" marginwidth=\"0\" marginheight=\"0\" scrolling=\"no\" class=\"wp-embedded-content\"><\/iframe><script type=\"text\/javascript\">\n\/* <![CDATA[ *\/\n\/*! This file is auto-generated *\/\n!function(d,l){\"use strict\";l.querySelector&&d.addEventListener&&\"undefined\"!=typeof URL&&(d.wp=d.wp||{},d.wp.receiveEmbedMessage||(d.wp.receiveEmbedMessage=function(e){var t=e.data;if((t||t.secret||t.message||t.value)&&!\/[^a-zA-Z0-9]\/.test(t.secret)){for(var s,r,n,a=l.querySelectorAll('iframe[data-secret=\"'+t.secret+'\"]'),o=l.querySelectorAll('blockquote[data-secret=\"'+t.secret+'\"]'),c=new RegExp(\"^https?:$\",\"i\"),i=0;i<o.length;i++)o[i].style.display=\"none\";for(i=0;i<a.length;i++)s=a[i],e.source===s.contentWindow&&(s.removeAttribute(\"style\"),\"height\"===t.message?(1e3<(r=parseInt(t.value,10))?r=1e3:~~r<200&&(r=200),s.height=r):\"link\"===t.message&&(r=new URL(s.getAttribute(\"src\")),n=new URL(t.value),c.test(n.protocol))&&n.host===r.host&&l.activeElement===s&&(d.top.location.href=t.value))}},d.addEventListener(\"message\",d.wp.receiveEmbedMessage,!1),l.addEventListener(\"DOMContentLoaded\",function(){for(var e,t,s=l.querySelectorAll(\"iframe.wp-embedded-content\"),r=0;r<s.length;r++)(t=(e=s[r]).getAttribute(\"data-secret\"))||(t=Math.random().toString(36).substring(2,12),e.src+=\"#?secret=\"+t,e.setAttribute(\"data-secret\",t)),e.contentWindow.postMessage({message:\"ready\",secret:t},\"*\")},!1)))}(window,document);\n\/\/# sourceURL=https:\/\/memurunsesi.net\/wp-includes\/js\/wp-embed.min.js\n\/* ]]> *\/\n<\/script>\n","thumbnail_url":"https:\/\/memurunsesi.net\/wp-content\/uploads\/2025\/10\/AW554135_01.jpg","thumbnail_width":1600,"thumbnail_height":900,"description":"&#8211; B\u0131\u00e7akl\u0131 kavgan\u0131n \u015f\u00fcphelileri k\u0131sa s\u00fcrede yakaland\u0131 Kayseri\u2019nin Melikgazi il\u00e7esinde bulunan bir parkta \u00e7\u0131kan b\u0131\u00e7akl\u0131 kavgada 2 ki\u015fi yaraland\u0131. Olay\u0131 ger\u00e7ekle\u015ftiren 2 \u015f\u00fcpheli polis ekipleri taraf\u0131ndan k\u0131sa s\u00fcrede yakaland\u0131. Edinilen bilgiye g\u00f6re, il\u00e7eye ba\u011fl\u0131 Alt\u0131noluk Mahallesi Veysel Caddesi \u00fczerinde bulunan \u015eelale Park\u0131\u2019nda \u0130.C., E.A ile \u015e.E., E.E. aras\u0131nda hen\u00fcz bilinmeyen bir sebepten tart\u0131\u015fma \u00e7\u0131kt\u0131. Tart\u0131\u015fman\u0131n [&hellip;]"}