{"version":"1.0","provider_name":"Memurun Sesi","provider_url":"https:\/\/memurunsesi.net","author_name":"Memurun Sesi Haber Merkezi","author_url":"https:\/\/memurunsesi.net\/index.php\/author\/uniper\/","title":"Su\u00e7 \u00f6rg\u00fct\u00fc lideri Necati Arabac\u0131 tutukland\u0131 - Memurun Sesi","type":"rich","width":600,"height":338,"html":"<blockquote class=\"wp-embedded-content\" data-secret=\"3Rd0H3gi2t\"><a href=\"https:\/\/memurunsesi.net\/index.php\/2025\/10\/08\/suc-orgutu-lideri-necati-arabaci-tutuklandi\/\">Su\u00e7 \u00f6rg\u00fct\u00fc lideri Necati Arabac\u0131 tutukland\u0131<\/a><\/blockquote><iframe sandbox=\"allow-scripts\" security=\"restricted\" src=\"https:\/\/memurunsesi.net\/index.php\/2025\/10\/08\/suc-orgutu-lideri-necati-arabaci-tutuklandi\/embed\/#?secret=3Rd0H3gi2t\" width=\"600\" height=\"338\" title=\"&#8220;Su\u00e7 \u00f6rg\u00fct\u00fc lideri Necati Arabac\u0131 tutukland\u0131&#8221; &#8212; Memurun Sesi\" data-secret=\"3Rd0H3gi2t\" frameborder=\"0\" marginwidth=\"0\" marginheight=\"0\" scrolling=\"no\" class=\"wp-embedded-content\"><\/iframe><script type=\"text\/javascript\">\n\/* <![CDATA[ *\/\n\/*! This file is auto-generated *\/\n!function(d,l){\"use strict\";l.querySelector&&d.addEventListener&&\"undefined\"!=typeof URL&&(d.wp=d.wp||{},d.wp.receiveEmbedMessage||(d.wp.receiveEmbedMessage=function(e){var t=e.data;if((t||t.secret||t.message||t.value)&&!\/[^a-zA-Z0-9]\/.test(t.secret)){for(var s,r,n,a=l.querySelectorAll('iframe[data-secret=\"'+t.secret+'\"]'),o=l.querySelectorAll('blockquote[data-secret=\"'+t.secret+'\"]'),c=new RegExp(\"^https?:$\",\"i\"),i=0;i<o.length;i++)o[i].style.display=\"none\";for(i=0;i<a.length;i++)s=a[i],e.source===s.contentWindow&&(s.removeAttribute(\"style\"),\"height\"===t.message?(1e3<(r=parseInt(t.value,10))?r=1e3:~~r<200&&(r=200),s.height=r):\"link\"===t.message&&(r=new URL(s.getAttribute(\"src\")),n=new URL(t.value),c.test(n.protocol))&&n.host===r.host&&l.activeElement===s&&(d.top.location.href=t.value))}},d.addEventListener(\"message\",d.wp.receiveEmbedMessage,!1),l.addEventListener(\"DOMContentLoaded\",function(){for(var e,t,s=l.querySelectorAll(\"iframe.wp-embedded-content\"),r=0;r<s.length;r++)(t=(e=s[r]).getAttribute(\"data-secret\"))||(t=Math.random().toString(36).substring(2,12),e.src+=\"#?secret=\"+t,e.setAttribute(\"data-secret\",t)),e.contentWindow.postMessage({message:\"ready\",secret:t},\"*\")},!1)))}(window,document);\n\/\/# sourceURL=https:\/\/memurunsesi.net\/wp-includes\/js\/wp-embed.min.js\n\/* ]]> *\/\n<\/script>\n","thumbnail_url":"https:\/\/memurunsesi.net\/wp-content\/uploads\/2025\/10\/AW554890_01.jpg","thumbnail_width":1600,"thumbnail_height":1011,"description":"\u0130zmir Cumhuriyet Ba\u015fsavc\u0131l\u0131\u011f\u0131 koordinesinde y\u00fcr\u00fct\u00fclen soru\u015fturma kapsam\u0131nda g\u00f6zalt\u0131na al\u0131nan organize su\u00e7 \u00f6rg\u00fct\u00fcn\u00fcn eleba\u015f\u0131 Co\u015fkun Necati Arabac\u0131, \u00e7\u0131kar\u0131ld\u0131\u011f\u0131 mahkemece tutukland\u0131. \u0130zmir \u0130l Emniyet M\u00fcd\u00fcrl\u00fc\u011f\u00fc Organize Su\u00e7larla M\u00fccadele \u015eube M\u00fcd\u00fcrl\u00fc\u011f\u00fc ekipleri, organize su\u00e7 \u00f6rg\u00fct\u00fcn\u00fcn kurucusu ve y\u00f6neticisi oldu\u011fu iddia edilen Co\u015fkun Necati Arabac\u0131\u2019n\u0131n T\u00fcrkiye\u2019ye giri\u015f yapaca\u011f\u0131 y\u00f6n\u00fcnde istihbari bilgiye ula\u015ft\u0131. Bunun \u00fczerine 5 Ekim tarihinde gerekli g\u00fcvenlik [&hellip;]"}