{"version":"1.0","provider_name":"Memurun Sesi","provider_url":"https:\/\/memurunsesi.net","author_name":"Memurun Sesi Haber Merkezi","author_url":"https:\/\/memurunsesi.net\/index.php\/author\/uniper\/","title":"K\u00fctahya Valisi Musa I\u015f\u0131n\u2019dan deprem a\u00e7\u0131klamas\u0131 - Memurun Sesi","type":"rich","width":600,"height":338,"html":"<blockquote class=\"wp-embedded-content\" data-secret=\"mullHL7hja\"><a href=\"https:\/\/memurunsesi.net\/index.php\/2025\/10\/09\/kutahya-valisi-musa-isindan-deprem-aciklamasi\/\">K\u00fctahya Valisi Musa I\u015f\u0131n\u2019dan deprem a\u00e7\u0131klamas\u0131<\/a><\/blockquote><iframe sandbox=\"allow-scripts\" security=\"restricted\" src=\"https:\/\/memurunsesi.net\/index.php\/2025\/10\/09\/kutahya-valisi-musa-isindan-deprem-aciklamasi\/embed\/#?secret=mullHL7hja\" width=\"600\" height=\"338\" title=\"&#8220;K\u00fctahya Valisi Musa I\u015f\u0131n\u2019dan deprem a\u00e7\u0131klamas\u0131&#8221; &#8212; Memurun Sesi\" data-secret=\"mullHL7hja\" frameborder=\"0\" marginwidth=\"0\" marginheight=\"0\" scrolling=\"no\" class=\"wp-embedded-content\"><\/iframe><script type=\"text\/javascript\">\n\/* <![CDATA[ *\/\n\/*! This file is auto-generated *\/\n!function(d,l){\"use strict\";l.querySelector&&d.addEventListener&&\"undefined\"!=typeof URL&&(d.wp=d.wp||{},d.wp.receiveEmbedMessage||(d.wp.receiveEmbedMessage=function(e){var t=e.data;if((t||t.secret||t.message||t.value)&&!\/[^a-zA-Z0-9]\/.test(t.secret)){for(var s,r,n,a=l.querySelectorAll('iframe[data-secret=\"'+t.secret+'\"]'),o=l.querySelectorAll('blockquote[data-secret=\"'+t.secret+'\"]'),c=new RegExp(\"^https?:$\",\"i\"),i=0;i<o.length;i++)o[i].style.display=\"none\";for(i=0;i<a.length;i++)s=a[i],e.source===s.contentWindow&&(s.removeAttribute(\"style\"),\"height\"===t.message?(1e3<(r=parseInt(t.value,10))?r=1e3:~~r<200&&(r=200),s.height=r):\"link\"===t.message&&(r=new URL(s.getAttribute(\"src\")),n=new URL(t.value),c.test(n.protocol))&&n.host===r.host&&l.activeElement===s&&(d.top.location.href=t.value))}},d.addEventListener(\"message\",d.wp.receiveEmbedMessage,!1),l.addEventListener(\"DOMContentLoaded\",function(){for(var e,t,s=l.querySelectorAll(\"iframe.wp-embedded-content\"),r=0;r<s.length;r++)(t=(e=s[r]).getAttribute(\"data-secret\"))||(t=Math.random().toString(36).substring(2,12),e.src+=\"#?secret=\"+t,e.setAttribute(\"data-secret\",t)),e.contentWindow.postMessage({message:\"ready\",secret:t},\"*\")},!1)))}(window,document);\n\/\/# sourceURL=https:\/\/memurunsesi.net\/wp-includes\/js\/wp-embed.min.js\n\/* ]]> *\/\n<\/script>\n","thumbnail_url":"https:\/\/memurunsesi.net\/wp-content\/uploads\/2025\/10\/AW554913_01.jpg","thumbnail_width":1080,"thumbnail_height":1060,"description":"K\u00fctahya Valisi Musa I\u015f\u0131n, Simav il\u00e7esinde meydana gelen depremle ilgili a\u00e7\u0131klama yapt\u0131. Vali I\u015f\u0131n, bug\u00fcn (9 Ekim 2025) saat 02.54\u2019te merkez \u00fcss\u00fc K\u00fctahya\u2019n\u0131n Simav il\u00e7esine ba\u011fl\u0131 Maden k\u00f6y\u00fc olan 4.9 b\u00fcy\u00fckl\u00fc\u011f\u00fcnde bir deprem meydana geldi\u011fini belirtti. Sahada yap\u0131lan incelemelerde \u015fu ana kadar herhangi bir olumsuzlukla kar\u015f\u0131la\u015f\u0131lmad\u0131\u011f\u0131n\u0131 ifade eden Vali I\u015f\u0131n, &#8220;Hem\u015fehrilerimize ge\u00e7mi\u015f olsun. Allah \u00fclkemizi [&hellip;]"}