{"version":"1.0","provider_name":"Memurun Sesi","provider_url":"https:\/\/memurunsesi.net","author_name":"Memurun Sesi Haber Merkezi","author_url":"https:\/\/memurunsesi.net\/index.php\/author\/uniper\/","title":"Karaman\u2019da seyir halindeki otomobil alev alarak yand\u0131 - Memurun Sesi","type":"rich","width":600,"height":338,"html":"<blockquote class=\"wp-embedded-content\" data-secret=\"lqdGg8Zkfq\"><a href=\"https:\/\/memurunsesi.net\/index.php\/2025\/10\/17\/karamanda-seyir-halindeki-otomobil-alev-alarak-yandi\/\">Karaman\u2019da seyir halindeki otomobil alev alarak yand\u0131<\/a><\/blockquote><iframe sandbox=\"allow-scripts\" security=\"restricted\" src=\"https:\/\/memurunsesi.net\/index.php\/2025\/10\/17\/karamanda-seyir-halindeki-otomobil-alev-alarak-yandi\/embed\/#?secret=lqdGg8Zkfq\" width=\"600\" height=\"338\" title=\"&#8220;Karaman\u2019da seyir halindeki otomobil alev alarak yand\u0131&#8221; &#8212; Memurun Sesi\" data-secret=\"lqdGg8Zkfq\" frameborder=\"0\" marginwidth=\"0\" marginheight=\"0\" scrolling=\"no\" class=\"wp-embedded-content\"><\/iframe><script type=\"text\/javascript\">\n\/* <![CDATA[ *\/\n\/*! This file is auto-generated *\/\n!function(d,l){\"use strict\";l.querySelector&&d.addEventListener&&\"undefined\"!=typeof URL&&(d.wp=d.wp||{},d.wp.receiveEmbedMessage||(d.wp.receiveEmbedMessage=function(e){var t=e.data;if((t||t.secret||t.message||t.value)&&!\/[^a-zA-Z0-9]\/.test(t.secret)){for(var s,r,n,a=l.querySelectorAll('iframe[data-secret=\"'+t.secret+'\"]'),o=l.querySelectorAll('blockquote[data-secret=\"'+t.secret+'\"]'),c=new RegExp(\"^https?:$\",\"i\"),i=0;i<o.length;i++)o[i].style.display=\"none\";for(i=0;i<a.length;i++)s=a[i],e.source===s.contentWindow&&(s.removeAttribute(\"style\"),\"height\"===t.message?(1e3<(r=parseInt(t.value,10))?r=1e3:~~r<200&&(r=200),s.height=r):\"link\"===t.message&&(r=new URL(s.getAttribute(\"src\")),n=new URL(t.value),c.test(n.protocol))&&n.host===r.host&&l.activeElement===s&&(d.top.location.href=t.value))}},d.addEventListener(\"message\",d.wp.receiveEmbedMessage,!1),l.addEventListener(\"DOMContentLoaded\",function(){for(var e,t,s=l.querySelectorAll(\"iframe.wp-embedded-content\"),r=0;r<s.length;r++)(t=(e=s[r]).getAttribute(\"data-secret\"))||(t=Math.random().toString(36).substring(2,12),e.src+=\"#?secret=\"+t,e.setAttribute(\"data-secret\",t)),e.contentWindow.postMessage({message:\"ready\",secret:t},\"*\")},!1)))}(window,document);\n\/\/# sourceURL=https:\/\/memurunsesi.net\/wp-includes\/js\/wp-embed.min.js\n\/* ]]> *\/\n<\/script>\n","thumbnail_url":"https:\/\/memurunsesi.net\/wp-content\/uploads\/2025\/10\/AW560337_01.jpg","thumbnail_width":1600,"thumbnail_height":902,"description":"Karaman\u2019da seyir halindeki otomobilin motor k\u0131sm\u0131nda \u00e7\u0131kan yang\u0131n s\u00f6nd\u00fcr\u00fcld\u00fc. Ara\u00e7ta maddi hasar meydana geldi. Olay, ak\u015fam saatlerinde Karaman E\u011fitim ve Ara\u015ft\u0131rma Hastanesi \u00f6n\u00fcnde meydana geldi. Edinilen bilgiye g\u00f6re, H.\u00c7. y\u00f6netimindeki 25 ET 425 plakal\u0131 otomobil seyir halindeyken biranda motor k\u0131sm\u0131ndan alev alarak yanmaya ba\u015flad\u0131. Durumu fark eden s\u00fcr\u00fcc\u00fc hemen arac\u0131n\u0131 yol kenar\u0131na \u00e7ekerek 112 Acil [&hellip;]"}