{"version":"1.0","provider_name":"Memurun Sesi","provider_url":"https:\/\/memurunsesi.net","author_name":"Memurun Sesi Haber Merkezi","author_url":"https:\/\/memurunsesi.net\/index.php\/author\/uniper\/","title":"Adilcevaz semalar\u0131nda yama\u00e7 para\u015f\u00fct\u00fc heyecan\u0131 - Memurun Sesi","type":"rich","width":600,"height":338,"html":"<blockquote class=\"wp-embedded-content\" data-secret=\"ECgwBB3gY1\"><a href=\"https:\/\/memurunsesi.net\/index.php\/2025\/10\/20\/adilcevaz-semalarinda-yamac-parasutu-heyecani\/\">Adilcevaz semalar\u0131nda yama\u00e7 para\u015f\u00fct\u00fc heyecan\u0131<\/a><\/blockquote><iframe sandbox=\"allow-scripts\" security=\"restricted\" src=\"https:\/\/memurunsesi.net\/index.php\/2025\/10\/20\/adilcevaz-semalarinda-yamac-parasutu-heyecani\/embed\/#?secret=ECgwBB3gY1\" width=\"600\" height=\"338\" title=\"&#8220;Adilcevaz semalar\u0131nda yama\u00e7 para\u015f\u00fct\u00fc heyecan\u0131&#8221; &#8212; Memurun Sesi\" data-secret=\"ECgwBB3gY1\" frameborder=\"0\" marginwidth=\"0\" marginheight=\"0\" scrolling=\"no\" class=\"wp-embedded-content\"><\/iframe><script type=\"text\/javascript\">\n\/* <![CDATA[ *\/\n\/*! This file is auto-generated *\/\n!function(d,l){\"use strict\";l.querySelector&&d.addEventListener&&\"undefined\"!=typeof URL&&(d.wp=d.wp||{},d.wp.receiveEmbedMessage||(d.wp.receiveEmbedMessage=function(e){var t=e.data;if((t||t.secret||t.message||t.value)&&!\/[^a-zA-Z0-9]\/.test(t.secret)){for(var s,r,n,a=l.querySelectorAll('iframe[data-secret=\"'+t.secret+'\"]'),o=l.querySelectorAll('blockquote[data-secret=\"'+t.secret+'\"]'),c=new RegExp(\"^https?:$\",\"i\"),i=0;i<o.length;i++)o[i].style.display=\"none\";for(i=0;i<a.length;i++)s=a[i],e.source===s.contentWindow&&(s.removeAttribute(\"style\"),\"height\"===t.message?(1e3<(r=parseInt(t.value,10))?r=1e3:~~r<200&&(r=200),s.height=r):\"link\"===t.message&&(r=new URL(s.getAttribute(\"src\")),n=new URL(t.value),c.test(n.protocol))&&n.host===r.host&&l.activeElement===s&&(d.top.location.href=t.value))}},d.addEventListener(\"message\",d.wp.receiveEmbedMessage,!1),l.addEventListener(\"DOMContentLoaded\",function(){for(var e,t,s=l.querySelectorAll(\"iframe.wp-embedded-content\"),r=0;r<s.length;r++)(t=(e=s[r]).getAttribute(\"data-secret\"))||(t=Math.random().toString(36).substring(2,12),e.src+=\"#?secret=\"+t,e.setAttribute(\"data-secret\",t)),e.contentWindow.postMessage({message:\"ready\",secret:t},\"*\")},!1)))}(window,document);\n\/\/# sourceURL=https:\/\/memurunsesi.net\/wp-includes\/js\/wp-embed.min.js\n\/* ]]> *\/\n<\/script>\n","thumbnail_url":"https:\/\/memurunsesi.net\/wp-content\/uploads\/2025\/10\/AW562172_01.jpg","thumbnail_width":848,"thumbnail_height":480,"description":"Bitlis&#8217;in Adilcevaz il\u00e7esinde yama\u00e7 para\u015f\u00fct\u00fc e\u011fitmeni Mehmet Sad\u0131k G\u00fcler taraf\u0131ndan yap\u0131lan u\u00e7u\u015f g\u00f6rsel \u015f\u00f6len olu\u015fturuldu. Adilcevaz il\u00e7esi, hafta sonu renkli ve heyecan dolu anlara sahne oldu. Yama\u00e7 para\u015f\u00fct\u00fc e\u011fitmeni Mehmet Sad\u0131k G\u00fcler, Seydi Baba Tepesi&#8217;nden ger\u00e7ekle\u015ftirdi\u011fi u\u00e7u\u015flarla adeta g\u00f6rsel bir \u015f\u00f6len sundu. G\u00f6ky\u00fcz\u00fcnde s\u00fcz\u00fclen para\u015f\u00fct\u00e7\u00fcn\u00fcn olu\u015fturdu\u011fu manzara, hem il\u00e7e halk\u0131n\u0131n hem de izleyenlerin b\u00fcy\u00fck ilgisini [&hellip;]"}