{"version":"1.0","provider_name":"Memurun Sesi","provider_url":"https:\/\/memurunsesi.net","author_name":"Memurun Sesi Haber Merkezi","author_url":"https:\/\/memurunsesi.net\/index.php\/author\/uniper\/","title":"Ankara Sosyal Bilimler \u00dcniversitesi Rekt\u00f6rl\u00fc\u011f\u00fcnden - Memurun Sesi","type":"rich","width":600,"height":338,"html":"<blockquote class=\"wp-embedded-content\" data-secret=\"cGsn9uY9Je\"><a href=\"https:\/\/memurunsesi.net\/index.php\/2025\/11\/02\/ankara-sosyal-bilimler-universitesi-rektorlugunden-2\/\">Ankara Sosyal Bilimler \u00dcniversitesi Rekt\u00f6rl\u00fc\u011f\u00fcnden<\/a><\/blockquote><iframe sandbox=\"allow-scripts\" security=\"restricted\" src=\"https:\/\/memurunsesi.net\/index.php\/2025\/11\/02\/ankara-sosyal-bilimler-universitesi-rektorlugunden-2\/embed\/#?secret=cGsn9uY9Je\" width=\"600\" height=\"338\" title=\"&#8220;Ankara Sosyal Bilimler \u00dcniversitesi Rekt\u00f6rl\u00fc\u011f\u00fcnden&#8221; &#8212; Memurun Sesi\" data-secret=\"cGsn9uY9Je\" frameborder=\"0\" marginwidth=\"0\" marginheight=\"0\" scrolling=\"no\" class=\"wp-embedded-content\"><\/iframe><script type=\"text\/javascript\">\n\/* <![CDATA[ *\/\n\/*! This file is auto-generated *\/\n!function(d,l){\"use strict\";l.querySelector&&d.addEventListener&&\"undefined\"!=typeof URL&&(d.wp=d.wp||{},d.wp.receiveEmbedMessage||(d.wp.receiveEmbedMessage=function(e){var t=e.data;if((t||t.secret||t.message||t.value)&&!\/[^a-zA-Z0-9]\/.test(t.secret)){for(var s,r,n,a=l.querySelectorAll('iframe[data-secret=\"'+t.secret+'\"]'),o=l.querySelectorAll('blockquote[data-secret=\"'+t.secret+'\"]'),c=new RegExp(\"^https?:$\",\"i\"),i=0;i<o.length;i++)o[i].style.display=\"none\";for(i=0;i<a.length;i++)s=a[i],e.source===s.contentWindow&&(s.removeAttribute(\"style\"),\"height\"===t.message?(1e3<(r=parseInt(t.value,10))?r=1e3:~~r<200&&(r=200),s.height=r):\"link\"===t.message&&(r=new URL(s.getAttribute(\"src\")),n=new URL(t.value),c.test(n.protocol))&&n.host===r.host&&l.activeElement===s&&(d.top.location.href=t.value))}},d.addEventListener(\"message\",d.wp.receiveEmbedMessage,!1),l.addEventListener(\"DOMContentLoaded\",function(){for(var e,t,s=l.querySelectorAll(\"iframe.wp-embedded-content\"),r=0;r<s.length;r++)(t=(e=s[r]).getAttribute(\"data-secret\"))||(t=Math.random().toString(36).substring(2,12),e.src+=\"#?secret=\"+t,e.setAttribute(\"data-secret\",t)),e.contentWindow.postMessage({message:\"ready\",secret:t},\"*\")},!1)))}(window,document);\n\/\/# sourceURL=https:\/\/memurunsesi.net\/wp-includes\/js\/wp-embed.min.js\n\/* ]]> *\/\n<\/script>\n","thumbnail_url":"https:\/\/memurunsesi.net\/wp-content\/uploads\/2025\/11\/a4aac032.webp","thumbnail_width":124,"thumbnail_height":124,"description":"\u00dcniversitemizin a\u015fa\u011f\u0131da belirtilen Birimlerine, 10 say\u0131l\u0131 Resmi Gazete Hakk\u0131nda Cumhurba\u015fkanl\u0131\u011f\u0131 Kararnamesi\u2019nin 5 inci maddesinin ikinci f\u0131kras\u0131, Genel Kadro ve Usul\u00fc Hakk\u0131nda 2 say\u0131l\u0131 Cumhurba\u015fkanl\u0131\u011f\u0131 Kararnamesi, 2547 Say\u0131l\u0131 Kanun\u2019un ilgili maddeleri ile \u201c\u00d6\u011fretim \u00dcyesi D\u0131\u015f\u0131ndaki \u00d6\u011fretim Eleman\u0131 Kadrolar\u0131na Yap\u0131lacak Atamalarda Uygulanacak Merkezi S\u0131nav ile Giri\u015f S\u0131navlar\u0131na \u0130li\u015fkin Usul ve Esaslar Hakk\u0131nda Y\u00f6netmelik\u2019in ilgili maddelerine g\u00f6re Ara\u015ft\u0131rma [&hellip;]"}