{"version":"1.0","provider_name":"Memurun Sesi","provider_url":"https:\/\/memurunsesi.net","author_name":"Memurun Sesi Haber Merkezi","author_url":"https:\/\/memurunsesi.net\/index.php\/author\/uniper\/","title":"Van\u00a0Y\u00fcz\u00fcnc\u00fc\u00a0Y\u0131l\u00a0\u00dcniversitesi\u00a0Rekt\u00f6rl\u00fc\u011f\u00fcnden - Memurun Sesi","type":"rich","width":600,"height":338,"html":"<blockquote class=\"wp-embedded-content\" data-secret=\"HKFzZg6vlG\"><a href=\"https:\/\/memurunsesi.net\/index.php\/2026\/01\/19\/van-yuzuncu-yil-universitesi-rektorlugunden\/\">Van\u00a0Y\u00fcz\u00fcnc\u00fc\u00a0Y\u0131l\u00a0\u00dcniversitesi\u00a0Rekt\u00f6rl\u00fc\u011f\u00fcnden<\/a><\/blockquote><iframe sandbox=\"allow-scripts\" security=\"restricted\" src=\"https:\/\/memurunsesi.net\/index.php\/2026\/01\/19\/van-yuzuncu-yil-universitesi-rektorlugunden\/embed\/#?secret=HKFzZg6vlG\" width=\"600\" height=\"338\" title=\"&#8220;Van\u00a0Y\u00fcz\u00fcnc\u00fc\u00a0Y\u0131l\u00a0\u00dcniversitesi\u00a0Rekt\u00f6rl\u00fc\u011f\u00fcnden&#8221; &#8212; Memurun Sesi\" data-secret=\"HKFzZg6vlG\" frameborder=\"0\" marginwidth=\"0\" marginheight=\"0\" scrolling=\"no\" class=\"wp-embedded-content\"><\/iframe><script type=\"text\/javascript\">\n\/* <![CDATA[ *\/\n\/*! This file is auto-generated *\/\n!function(d,l){\"use strict\";l.querySelector&&d.addEventListener&&\"undefined\"!=typeof URL&&(d.wp=d.wp||{},d.wp.receiveEmbedMessage||(d.wp.receiveEmbedMessage=function(e){var t=e.data;if((t||t.secret||t.message||t.value)&&!\/[^a-zA-Z0-9]\/.test(t.secret)){for(var s,r,n,a=l.querySelectorAll('iframe[data-secret=\"'+t.secret+'\"]'),o=l.querySelectorAll('blockquote[data-secret=\"'+t.secret+'\"]'),c=new RegExp(\"^https?:$\",\"i\"),i=0;i<o.length;i++)o[i].style.display=\"none\";for(i=0;i<a.length;i++)s=a[i],e.source===s.contentWindow&&(s.removeAttribute(\"style\"),\"height\"===t.message?(1e3<(r=parseInt(t.value,10))?r=1e3:~~r<200&&(r=200),s.height=r):\"link\"===t.message&&(r=new URL(s.getAttribute(\"src\")),n=new URL(t.value),c.test(n.protocol))&&n.host===r.host&&l.activeElement===s&&(d.top.location.href=t.value))}},d.addEventListener(\"message\",d.wp.receiveEmbedMessage,!1),l.addEventListener(\"DOMContentLoaded\",function(){for(var e,t,s=l.querySelectorAll(\"iframe.wp-embedded-content\"),r=0;r<s.length;r++)(t=(e=s[r]).getAttribute(\"data-secret\"))||(t=Math.random().toString(36).substring(2,12),e.src+=\"#?secret=\"+t,e.setAttribute(\"data-secret\",t)),e.contentWindow.postMessage({message:\"ready\",secret:t},\"*\")},!1)))}(window,document);\n\/\/# sourceURL=https:\/\/memurunsesi.net\/wp-includes\/js\/wp-embed.min.js\n\/* ]]> *\/\n<\/script>\n","thumbnail_url":"https:\/\/memurunsesi.net\/wp-content\/uploads\/2026\/01\/van-.webp","thumbnail_width":138,"thumbnail_height":138,"description":"4\/B S\u00d6ZLE\u015eMEL\u0130 PERSONEL ALIM \u0130LANI \u00dcniversitemizde 657 say\u0131l\u0131 Devlet Memurlar\u0131 Kanunun 4. maddesinin (B) f\u0131kras\u0131na g\u00f6re istihdam edilmek \u00fczere 06.06.1978 tarihli ve 7\/15754 say\u0131l\u0131 Kararnameye ekli 28.06.2007 tarih ve 26566 say\u0131l\u0131 Resmi Gazetede yay\u0131mlanan S\u00f6zle\u015fmeli Personel \u00c7al\u0131\u015ft\u0131r\u0131lmas\u0131na \u0130li\u015fkin Esaslarda De\u011fi\u015fiklik Yap\u0131lmas\u0131na Dair Esaslar\u2019da yer alan ek 2\u2019inci maddenin (b) f\u0131kras\u0131na g\u00f6re 2024 y\u0131l\u0131 KPSS \u00a0(B) [&hellip;]"}