{"version":"1.0","provider_name":"Memurun Sesi","provider_url":"https:\/\/memurunsesi.net","author_name":"Memurun Sesi Haber Merkezi","author_url":"https:\/\/memurunsesi.net\/index.php\/author\/uniper\/","title":"Fenerbah\u00e7e, Samsunspor ma\u00e7\u0131 haz\u0131rl\u0131klar\u0131na ba\u015flad\u0131 - Memurun Sesi","type":"rich","width":600,"height":338,"html":"<blockquote class=\"wp-embedded-content\" data-secret=\"x3GfKdqmOX\"><a href=\"https:\/\/memurunsesi.net\/index.php\/2026\/03\/06\/fenerbahce-samsunspor-maci-hazirliklarina-basladi\/\">Fenerbah\u00e7e, Samsunspor ma\u00e7\u0131 haz\u0131rl\u0131klar\u0131na ba\u015flad\u0131<\/a><\/blockquote><iframe sandbox=\"allow-scripts\" security=\"restricted\" src=\"https:\/\/memurunsesi.net\/index.php\/2026\/03\/06\/fenerbahce-samsunspor-maci-hazirliklarina-basladi\/embed\/#?secret=x3GfKdqmOX\" width=\"600\" height=\"338\" title=\"&#8220;Fenerbah\u00e7e, Samsunspor ma\u00e7\u0131 haz\u0131rl\u0131klar\u0131na ba\u015flad\u0131&#8221; &#8212; Memurun Sesi\" data-secret=\"x3GfKdqmOX\" frameborder=\"0\" marginwidth=\"0\" marginheight=\"0\" scrolling=\"no\" class=\"wp-embedded-content\"><\/iframe><script type=\"text\/javascript\">\n\/* <![CDATA[ *\/\n\/*! This file is auto-generated *\/\n!function(d,l){\"use strict\";l.querySelector&&d.addEventListener&&\"undefined\"!=typeof URL&&(d.wp=d.wp||{},d.wp.receiveEmbedMessage||(d.wp.receiveEmbedMessage=function(e){var t=e.data;if((t||t.secret||t.message||t.value)&&!\/[^a-zA-Z0-9]\/.test(t.secret)){for(var s,r,n,a=l.querySelectorAll('iframe[data-secret=\"'+t.secret+'\"]'),o=l.querySelectorAll('blockquote[data-secret=\"'+t.secret+'\"]'),c=new RegExp(\"^https?:$\",\"i\"),i=0;i<o.length;i++)o[i].style.display=\"none\";for(i=0;i<a.length;i++)s=a[i],e.source===s.contentWindow&&(s.removeAttribute(\"style\"),\"height\"===t.message?(1e3<(r=parseInt(t.value,10))?r=1e3:~~r<200&&(r=200),s.height=r):\"link\"===t.message&&(r=new URL(s.getAttribute(\"src\")),n=new URL(t.value),c.test(n.protocol))&&n.host===r.host&&l.activeElement===s&&(d.top.location.href=t.value))}},d.addEventListener(\"message\",d.wp.receiveEmbedMessage,!1),l.addEventListener(\"DOMContentLoaded\",function(){for(var e,t,s=l.querySelectorAll(\"iframe.wp-embedded-content\"),r=0;r<s.length;r++)(t=(e=s[r]).getAttribute(\"data-secret\"))||(t=Math.random().toString(36).substring(2,12),e.src+=\"#?secret=\"+t,e.setAttribute(\"data-secret\",t)),e.contentWindow.postMessage({message:\"ready\",secret:t},\"*\")},!1)))}(window,document);\n\/\/# sourceURL=https:\/\/memurunsesi.net\/wp-includes\/js\/wp-embed.min.js\n\/* ]]> *\/\n<\/script>\n","thumbnail_url":"https:\/\/memurunsesi.net\/wp-content\/uploads\/2026\/03\/spor-7-scaled.jpg","thumbnail_width":2560,"thumbnail_height":2068,"description":"&#8211; Tedesco antrenmanda yer ald\u0131 Fenerbah\u00e7e, Trendyol S\u00fcper Lig&#8217;in 25. haftas\u0131nda sahas\u0131nda Samsunspor ile oynayaca\u011f\u0131 ma\u00e7\u0131n haz\u0131rl\u0131klar\u0131na ba\u015flad\u0131. Can Bartu Tesisleri&#8217;nde Teknik Direkt\u00f6r Domenico Tedesco y\u00f6netimindeki idman salonda yap\u0131lan core hareketleriyle ba\u015flad\u0131. Ard\u0131ndan \u0131s\u0131nma, \u00e7abukluk, koordinasyon ve pas \u00e7al\u0131\u015fmalar\u0131yla devam eden idman dar alanda yap\u0131lan \u00e7ift kale ma\u00e7larla sona erdi. Sar\u0131-lacivertliler, haz\u0131rl\u0131klar\u0131n\u0131 yar\u0131n yapaca\u011f\u0131 antrenmanla [&hellip;]"}