{"version":"1.0","provider_name":"Memurun Sesi","provider_url":"https:\/\/memurunsesi.net","author_name":"Memurun Sesi Haber Merkezi","author_url":"https:\/\/memurunsesi.net\/index.php\/author\/uniper\/","title":"MediaMarkt T\u00fcrkiye\u2019den elektronik at\u0131k deste\u011fi - Memurun Sesi","type":"rich","width":600,"height":338,"html":"<blockquote class=\"wp-embedded-content\" data-secret=\"4fsGy9J27L\"><a href=\"https:\/\/memurunsesi.net\/index.php\/2026\/04\/27\/mediamarkt-turkiyeden-elektronik-atik-destegi\/\">MediaMarkt T\u00fcrkiye\u2019den elektronik at\u0131k deste\u011fi<\/a><\/blockquote><iframe sandbox=\"allow-scripts\" security=\"restricted\" src=\"https:\/\/memurunsesi.net\/index.php\/2026\/04\/27\/mediamarkt-turkiyeden-elektronik-atik-destegi\/embed\/#?secret=4fsGy9J27L\" width=\"600\" height=\"338\" title=\"&#8220;MediaMarkt T\u00fcrkiye\u2019den elektronik at\u0131k deste\u011fi&#8221; &#8212; Memurun Sesi\" data-secret=\"4fsGy9J27L\" frameborder=\"0\" marginwidth=\"0\" marginheight=\"0\" scrolling=\"no\" class=\"wp-embedded-content\"><\/iframe><script type=\"text\/javascript\">\n\/* <![CDATA[ *\/\n\/*! This file is auto-generated *\/\n!function(d,l){\"use strict\";l.querySelector&&d.addEventListener&&\"undefined\"!=typeof URL&&(d.wp=d.wp||{},d.wp.receiveEmbedMessage||(d.wp.receiveEmbedMessage=function(e){var t=e.data;if((t||t.secret||t.message||t.value)&&!\/[^a-zA-Z0-9]\/.test(t.secret)){for(var s,r,n,a=l.querySelectorAll('iframe[data-secret=\"'+t.secret+'\"]'),o=l.querySelectorAll('blockquote[data-secret=\"'+t.secret+'\"]'),c=new RegExp(\"^https?:$\",\"i\"),i=0;i<o.length;i++)o[i].style.display=\"none\";for(i=0;i<a.length;i++)s=a[i],e.source===s.contentWindow&&(s.removeAttribute(\"style\"),\"height\"===t.message?(1e3<(r=parseInt(t.value,10))?r=1e3:~~r<200&&(r=200),s.height=r):\"link\"===t.message&&(r=new URL(s.getAttribute(\"src\")),n=new URL(t.value),c.test(n.protocol))&&n.host===r.host&&l.activeElement===s&&(d.top.location.href=t.value))}},d.addEventListener(\"message\",d.wp.receiveEmbedMessage,!1),l.addEventListener(\"DOMContentLoaded\",function(){for(var e,t,s=l.querySelectorAll(\"iframe.wp-embedded-content\"),r=0;r<s.length;r++)(t=(e=s[r]).getAttribute(\"data-secret\"))||(t=Math.random().toString(36).substring(2,12),e.src+=\"#?secret=\"+t,e.setAttribute(\"data-secret\",t)),e.contentWindow.postMessage({message:\"ready\",secret:t},\"*\")},!1)))}(window,document);\n\/\/# sourceURL=https:\/\/memurunsesi.net\/wp-includes\/js\/wp-embed.min.js\n\/* ]]> *\/\n<\/script>\n","thumbnail_url":"https:\/\/memurunsesi.net\/wp-content\/uploads\/2026\/04\/media-scaled.jpg","thumbnail_width":1880,"thumbnail_height":2560,"description":"\u00a0MediaMarkt T\u00fcrkiye, d\u00fcnyada ve \u00fclkemizde giderek b\u00fcy\u00fcyen elektronik at\u0131k sorununa \u00e7\u00f6z\u00fcm sunmak amac\u0131yla Mol-e i\u015f birli\u011fiyle \"Elektronik At\u0131k Geri D\u00f6n\u00fc\u015f\u00fcm\" projesini hayata ge\u00e7irdi. Pilot olarak Mersin, Kayseri ve \u0130zmir\u2019deki t\u00fcm ma\u011fazalarda ba\u015flat\u0131lan ve kademeli olarak t\u00fcm T\u00fcrkiye\u2019ye yay\u0131lmas\u0131 planlanan uygulama ile at\u0131k durumdaki elektronik cihazlar markan\u0131n ma\u011fazalar\u0131ndaki at\u0131k toplama \u00fcnitelerinde toplanarak tekrar ekonomiye kazand\u0131r\u0131l\u0131yor."}